{"version":"1.0","provider_name":"FC Famalic\u00e3o","provider_url":"https:\/\/www.fcfamalicao.pt\/en\/","title":"Assembleia Geral FC Famalic\u00e3o - FC Famalic\u00e3o","type":"rich","width":600,"height":338,"html":"<blockquote class=\"wp-embedded-content\" data-secret=\"Zm2TlGLGX4\"><a href=\"https:\/\/www.fcfamalicao.pt\/en\/assembleia-geral-fc-famalicao\/\">Assembleia Geral FC Famalic\u00e3o<\/a><\/blockquote><iframe sandbox=\"allow-scripts\" security=\"restricted\" src=\"https:\/\/www.fcfamalicao.pt\/en\/assembleia-geral-fc-famalicao\/embed\/#?secret=Zm2TlGLGX4\" width=\"600\" height=\"338\" title=\"&#8220;Assembleia Geral FC Famalic\u00e3o&#8221; &#8212; FC Famalic\u00e3o\" data-secret=\"Zm2TlGLGX4\" frameborder=\"0\" marginwidth=\"0\" marginheight=\"0\" scrolling=\"no\" class=\"wp-embedded-content\"><\/iframe><script>\n\/*! This file is auto-generated *\/\n!function(d,l){\"use strict\";l.querySelector&&d.addEventListener&&\"undefined\"!=typeof URL&&(d.wp=d.wp||{},d.wp.receiveEmbedMessage||(d.wp.receiveEmbedMessage=function(e){var t=e.data;if((t||t.secret||t.message||t.value)&&!\/[^a-zA-Z0-9]\/.test(t.secret)){for(var s,r,n,a=l.querySelectorAll('iframe[data-secret=\"'+t.secret+'\"]'),o=l.querySelectorAll('blockquote[data-secret=\"'+t.secret+'\"]'),c=new RegExp(\"^https?:$\",\"i\"),i=0;i<o.length;i++)o[i].style.display=\"none\";for(i=0;i<a.length;i++)s=a[i],e.source===s.contentWindow&&(s.removeAttribute(\"style\"),\"height\"===t.message?(1e3<(r=parseInt(t.value,10))?r=1e3:~~r<200&&(r=200),s.height=r):\"link\"===t.message&&(r=new URL(s.getAttribute(\"src\")),n=new URL(t.value),c.test(n.protocol))&&n.host===r.host&&l.activeElement===s&&(d.top.location.href=t.value))}},d.addEventListener(\"message\",d.wp.receiveEmbedMessage,!1),l.addEventListener(\"DOMContentLoaded\",function(){for(var e,t,s=l.querySelectorAll(\"iframe.wp-embedded-content\"),r=0;r<s.length;r++)(t=(e=s[r]).getAttribute(\"data-secret\"))||(t=Math.random().toString(36).substring(2,12),e.src+=\"#?secret=\"+t,e.setAttribute(\"data-secret\",t)),e.contentWindow.postMessage({message:\"ready\",secret:t},\"*\")},!1)))}(window,document);\n\/\/# sourceURL=https:\/\/www.fcfamalicao.pt\/wp-includes\/js\/wp-embed.min.js\n<\/script>\n","thumbnail_url":"https:\/\/www.fcfamalicao.pt\/wp-content\/uploads\/2019\/03\/fcf-convocatoria-feed.jpg","thumbnail_width":1080,"thumbnail_height":1080,"description":"Nos termos do artigo 40\u00ba, n\u00ba 1, dos Estatutos do Clube, convoco uma Assembleia Geral Ordin\u00e1ria do Futebol Clube de Famalic\u00e3o, com sede na Alameda Dr. Francisco S\u00e1 Carneiro, Loja 13, em Vila Nova de Famalic\u00e3o, a realizar no Audit\u00f3rio da Funda\u00e7\u00e3o Minerva (Universidade Lus\u00edada \u2013 Polo de Vila Nova&hellip;"}