{"version":"1.0","provider_name":"FC Famalic\u00e3o","provider_url":"https:\/\/www.fcfamalicao.pt\/en\/","title":"Sara Taveira renova pelo FC Famalic\u00e3o - FC Famalic\u00e3o","type":"rich","width":600,"height":338,"html":"<blockquote class=\"wp-embedded-content\" data-secret=\"n18fZwLhH6\"><a href=\"https:\/\/www.fcfamalicao.pt\/en\/sara-taveira-renova-pelo-fc-famalicao\/\">Sara Taveira renova pelo FC Famalic\u00e3o<\/a><\/blockquote><iframe sandbox=\"allow-scripts\" security=\"restricted\" src=\"https:\/\/www.fcfamalicao.pt\/en\/sara-taveira-renova-pelo-fc-famalicao\/embed\/#?secret=n18fZwLhH6\" width=\"600\" height=\"338\" title=\"&#8220;Sara Taveira renova pelo FC Famalic\u00e3o&#8221; &#8212; FC Famalic\u00e3o\" data-secret=\"n18fZwLhH6\" frameborder=\"0\" marginwidth=\"0\" marginheight=\"0\" scrolling=\"no\" class=\"wp-embedded-content\"><\/iframe><script>\n\/*! This file is auto-generated *\/\n!function(d,l){\"use strict\";l.querySelector&&d.addEventListener&&\"undefined\"!=typeof URL&&(d.wp=d.wp||{},d.wp.receiveEmbedMessage||(d.wp.receiveEmbedMessage=function(e){var t=e.data;if((t||t.secret||t.message||t.value)&&!\/[^a-zA-Z0-9]\/.test(t.secret)){for(var s,r,n,a=l.querySelectorAll('iframe[data-secret=\"'+t.secret+'\"]'),o=l.querySelectorAll('blockquote[data-secret=\"'+t.secret+'\"]'),c=new RegExp(\"^https?:$\",\"i\"),i=0;i<o.length;i++)o[i].style.display=\"none\";for(i=0;i<a.length;i++)s=a[i],e.source===s.contentWindow&&(s.removeAttribute(\"style\"),\"height\"===t.message?(1e3<(r=parseInt(t.value,10))?r=1e3:~~r<200&&(r=200),s.height=r):\"link\"===t.message&&(r=new URL(s.getAttribute(\"src\")),n=new URL(t.value),c.test(n.protocol))&&n.host===r.host&&l.activeElement===s&&(d.top.location.href=t.value))}},d.addEventListener(\"message\",d.wp.receiveEmbedMessage,!1),l.addEventListener(\"DOMContentLoaded\",function(){for(var e,t,s=l.querySelectorAll(\"iframe.wp-embedded-content\"),r=0;r<s.length;r++)(t=(e=s[r]).getAttribute(\"data-secret\"))||(t=Math.random().toString(36).substring(2,12),e.src+=\"#?secret=\"+t,e.setAttribute(\"data-secret\",t)),e.contentWindow.postMessage({message:\"ready\",secret:t},\"*\")},!1)))}(window,document);\n\/\/# sourceURL=https:\/\/www.fcfamalicao.pt\/wp-includes\/js\/wp-embed.min.js\n<\/script>\n","thumbnail_url":"https:\/\/www.fcfamalicao.pt\/wp-content\/uploads\/2020\/01\/Sara-Taveira-Renova\u00e7\u00e3o-1.jpg","thumbnail_width":1080,"thumbnail_height":1080,"description":"O Futebol Clube Famalic\u00e3o assinou um novo contrato com Sara Taveira. A defesa, de 22 anos, vai manter-se ligada ao clube na pr\u00f3xima temporada, tendo sido premiada pelas boas atua\u00e7\u00f5es que tem rubricado ao servi\u00e7o do emblema famalicense. Sara Taveira apresenta um curr\u00edculo muito interessante no futebol portugu\u00eas, com destaque&hellip;"}