{"id":29340,"date":"2023-07-21T18:51:42","date_gmt":"2023-07-21T17:51:42","guid":{"rendered":"https:\/\/www.fcfamalicao.pt\/?page_id=29340"},"modified":"2026-03-05T16:27:27","modified_gmt":"2026-03-05T16:27:27","slug":"season-2024-25","status":"publish","type":"page","link":"https:\/\/www.fcfamalicao.pt\/en\/season-2024-25\/","title":{"rendered":"Season 2024\/25"},"content":{"rendered":"    \n    <div class=\"category-nav-menu-wrapper cat-nav-menu-69f2924e9243b\">\n        <div class=\"category-nav-menu-container\">\n                            <a href=\"https:\/\/www.fcfamalicao.pt\/loja\/\" \n                   class=\"category-nav-menu-btn\"\n                                      data-classes=\"\">\n                    <span class=\"category-nav-menu-text\">Loja<\/span>\n                    <span class=\"category-nav-menu-underline\"><\/span>\n                <\/a>\n                            <a href=\"https:\/\/www.fcfamalicao.pt\/2024-25\/\" \n                   class=\"category-nav-menu-btn\"\n                                      data-classes=\"\">\n                    <span class=\"category-nav-menu-text\">2024\/25<\/span>\n                    <span class=\"category-nav-menu-underline\"><\/span>\n                <\/a>\n                            <a href=\"https:\/\/www.fcfamalicao.pt\/acessorios\/\" \n                   class=\"category-nav-menu-btn\"\n                                      data-classes=\"\">\n                    <span class=\"category-nav-menu-text\">Acess\u00f3rios<\/span>\n                    <span class=\"category-nav-menu-underline\"><\/span>\n                <\/a>\n                            <a href=\"https:\/\/www.fcfamalicao.pt\/bolas\/\" \n                   class=\"category-nav-menu-btn\"\n                                      data-classes=\"\">\n                    <span class=\"category-nav-menu-text\">Bolas<\/span>\n                    <span class=\"category-nav-menu-underline\"><\/span>\n                <\/a>\n                            <a href=\"https:\/\/www.fcfamalicao.pt\/cachecois\/\" \n                   class=\"category-nav-menu-btn\"\n                                      data-classes=\"\">\n                    <span class=\"category-nav-menu-text\">Cachec\u00f3is<\/span>\n                    <span class=\"category-nav-menu-underline\"><\/span>\n                <\/a>\n                            <a href=\"https:\/\/www.fcfamalicao.pt\/linha-bebe\/\" \n                   class=\"category-nav-menu-btn\"\n                                      data-classes=\"\">\n                    <span class=\"category-nav-menu-text\">Linha Beb\u00e9<\/span>\n                    <span class=\"category-nav-menu-underline\"><\/span>\n                <\/a>\n                            <a href=\"https:\/\/www.fcfamalicao.pt\/linha-casual\/\" \n                   class=\"category-nav-menu-btn\"\n                                      data-classes=\"\">\n                    <span class=\"category-nav-menu-text\">Linha Casual<\/span>\n                    <span class=\"category-nav-menu-underline\"><\/span>\n                <\/a>\n                            <a href=\"https:\/\/www.fcfamalicao.pt\/linha-fan\/\" \n                   class=\"category-nav-menu-btn\"\n                                      data-classes=\"\">\n                    <span class=\"category-nav-menu-text\">Linha Fan<\/span>\n                    <span class=\"category-nav-menu-underline\"><\/span>\n                <\/a>\n                    <\/div>\n    <\/div>\n    \n    <style>\n    .category-nav-menu-wrapper {\n        width: 100%;\n        margin: 40px 0;\n    }\n    \n    .category-nav-menu-container {\n        display: flex;\n        flex-wrap: wrap;\n        justify-content: center;\n        align-items: center;\n        gap: 15px;\n        padding: 0 15px;\n    }\n    \n    .category-nav-menu-btn {\n        position: relative;\n        background-color: #f8c30a;\n        color: #ffffff !important;\n        text-decoration: none;\n        padding: 12px 24px;\n        font-size: 14px;\n        font-weight: 400;\n        text-transform: uppercase;\n        letter-spacing: 0.5px;\n        border: none;\n        cursor: pointer;\n        overflow: hidden;\n        display: inline-block;\n        transition: opacity 0.3s ease;\n        border-radius: 0;\n    }\n    \n    .category-nav-menu-btn:hover {\n        opacity: 0.95;\n        color: #ffffff !important;\n        text-decoration: none;\n    }\n    \n    .category-nav-menu-btn:focus {\n        outline: 2px solid #f8c30a;\n        outline-offset: 2px;\n    }\n    \n    .category-nav-menu-text {\n        position: relative;\n        z-index: 2;\n        display: block;\n    }\n    \n    .category-nav-menu-underline {\n        position: absolute;\n        bottom: 8px;\n        left: 24px;\n        height: 2px;\n        width: 0;\n        background-color: #ffffff;\n        transition: width 0.4s ease;\n        z-index: 1;\n    }\n    \n    .category-nav-menu-btn:hover .category-nav-menu-underline {\n        width: calc(100% - 48px);\n    }\n    \n    \/* Active\/Current page styling *\/\n    .category-nav-menu-btn.current-menu-item .category-nav-menu-underline,\n    .category-nav-menu-btn[data-classes*=\"current-menu-item\"] .category-nav-menu-underline {\n        width: calc(100% - 48px);\n    }\n    \n    \/* Responsive Design *\/\n    @media (max-width: 768px) {\n        .category-nav-menu-container {\n            gap: 10px;\n        }\n        \n        .category-nav-menu-btn {\n            padding: 10px 20px;\n            font-size: 13px;\n        }\n        \n        .category-nav-menu-underline {\n            left: 20px;\n        }\n        \n        .category-nav-menu-btn:hover .category-nav-menu-underline,\n        .category-nav-menu-btn.current-menu-item .category-nav-menu-underline,\n        .category-nav-menu-btn[data-classes*=\"current-menu-item\"] .category-nav-menu-underline {\n            width: calc(100% - 40px);\n        }\n    }\n    \n    @media (max-width: 480px) {\n        .category-nav-menu-wrapper {\n            margin: 30px 0;\n        }\n        \n        .category-nav-menu-container {\n            gap: 8px;\n            padding: 0 10px;\n        }\n        \n        .category-nav-menu-btn {\n            padding: 8px 16px;\n            font-size: 12px;\n        }\n        \n        .category-nav-menu-underline {\n            left: 16px;\n            bottom: 6px;\n        }\n        \n        .category-nav-menu-btn:hover .category-nav-menu-underline,\n        .category-nav-menu-btn.current-menu-item .category-nav-menu-underline,\n        .category-nav-menu-btn[data-classes*=\"current-menu-item\"] .category-nav-menu-underline {\n            width: calc(100% - 32px);\n        }\n    }\n    <\/style>\n    \n    \n<div class=\"woocommerce columns-3 \">\n<ul class=\"products row atc-visible-mobile et-main-products hover-animation-zoom-jump et-shop-hover-images show-rating\" data-columns=\"3\" data-navigation=\"true\" data-pagination=\"true\" data-layoutmode=\"packery\">\n<li class=\"item et-listing-style2 col-6 col-sm-6 col-md-4 col-lg-4 small_grid_4 hover-image-load tm-no-options product type-product post-56100 status-publish first instock product_cat-uncategorized has-post-thumbnail sale shipping-taxable purchasable product-type-variable\">\n\t<div class=\"product-inner animation bottom-to-top\">\n\t\t<figure class=\"product_thumbnail et-image-hover\">  \n\t\t<a href=\"https:\/\/www.fcfamalicao.pt\/en\/loja\/hoodie-puma-linha-fan\/\" title=\"Hoodie Puma Linha Fan\"><img loading=\"lazy\" decoding=\"async\" width=\"600\" height=\"600\" src=\"https:\/\/www.fcfamalicao.pt\/wp-content\/uploads\/2024\/08\/fcf-camisola-07a-tinified-600x600.jpg\" class=\"main-image skip-lazy wp-post-image\" alt=\"\" srcset=\"https:\/\/www.fcfamalicao.pt\/wp-content\/uploads\/2024\/08\/fcf-camisola-07a-tinified-600x600.jpg 600w, https:\/\/www.fcfamalicao.pt\/wp-content\/uploads\/2024\/08\/fcf-camisola-07a-tinified-300x300.jpg 300w, https:\/\/www.fcfamalicao.pt\/wp-content\/uploads\/2024\/08\/fcf-camisola-07a-tinified-1024x1024.jpg 1024w, https:\/\/www.fcfamalicao.pt\/wp-content\/uploads\/2024\/08\/fcf-camisola-07a-tinified-150x150.jpg 150w, https:\/\/www.fcfamalicao.pt\/wp-content\/uploads\/2024\/08\/fcf-camisola-07a-tinified-768x768.jpg 768w, https:\/\/www.fcfamalicao.pt\/wp-content\/uploads\/2024\/08\/fcf-camisola-07a-tinified-1536x1536.jpg 1536w, https:\/\/www.fcfamalicao.pt\/wp-content\/uploads\/2024\/08\/fcf-camisola-07a-tinified-128x128.jpg 128w, https:\/\/www.fcfamalicao.pt\/wp-content\/uploads\/2024\/08\/fcf-camisola-07a-tinified-32x32.jpg 32w, https:\/\/www.fcfamalicao.pt\/wp-content\/uploads\/2024\/08\/fcf-camisola-07a-tinified-900x900.jpg 900w, https:\/\/www.fcfamalicao.pt\/wp-content\/uploads\/2024\/08\/fcf-camisola-07a-tinified-100x100.jpg 100w, https:\/\/www.fcfamalicao.pt\/wp-content\/uploads\/2024\/08\/fcf-camisola-07a-tinified.jpg 1600w\" sizes=\"auto, (max-width: 600px) 100vw, 600px\" \/><img loading=\"lazy\" decoding=\"async\" width=\"600\" height=\"600\" src=\"https:\/\/www.fcfamalicao.pt\/wp-content\/uploads\/2024\/08\/fcf-camisola-07b-tinified-600x600.jpg\" class=\"product_thumbnail_hover\" alt=\"\" srcset=\"https:\/\/www.fcfamalicao.pt\/wp-content\/uploads\/2024\/08\/fcf-camisola-07b-tinified-600x600.jpg 600w, https:\/\/www.fcfamalicao.pt\/wp-content\/uploads\/2024\/08\/fcf-camisola-07b-tinified-300x300.jpg 300w, https:\/\/www.fcfamalicao.pt\/wp-content\/uploads\/2024\/08\/fcf-camisola-07b-tinified-1024x1024.jpg 1024w, https:\/\/www.fcfamalicao.pt\/wp-content\/uploads\/2024\/08\/fcf-camisola-07b-tinified-150x150.jpg 150w, https:\/\/www.fcfamalicao.pt\/wp-content\/uploads\/2024\/08\/fcf-camisola-07b-tinified-768x768.jpg 768w, https:\/\/www.fcfamalicao.pt\/wp-content\/uploads\/2024\/08\/fcf-camisola-07b-tinified-1536x1536.jpg 1536w, https:\/\/www.fcfamalicao.pt\/wp-content\/uploads\/2024\/08\/fcf-camisola-07b-tinified-128x128.jpg 128w, https:\/\/www.fcfamalicao.pt\/wp-content\/uploads\/2024\/08\/fcf-camisola-07b-tinified-32x32.jpg 32w, https:\/\/www.fcfamalicao.pt\/wp-content\/uploads\/2024\/08\/fcf-camisola-07b-tinified-900x900.jpg 900w, https:\/\/www.fcfamalicao.pt\/wp-content\/uploads\/2024\/08\/fcf-camisola-07b-tinified-100x100.jpg 100w, https:\/\/www.fcfamalicao.pt\/wp-content\/uploads\/2024\/08\/fcf-camisola-07b-tinified.jpg 1600w\" sizes=\"auto, (max-width: 600px) 100vw, 600px\" \/><\/a>\n\t\t<span class=\"badge onsale perc\"><span class=\"onsale-before\">-<\/span>50<span class=\"onsale-after\">%<\/span> <span class=\"onsale-off\">Off<\/span><\/span>\t\t<div class=\"actions-wrapper\">\n\t\t\t<div class=\"actions-inner\">\n\t\t\t\t\t\t\t\t<a href=\"https:\/\/www.fcfamalicao.pt\/en\/loja\/hoodie-puma-linha-fan\/\" data-quantity=\"1\" class=\"button product_type_variable add_to_cart_button\" data-product_id=\"56100\" data-product_sku=\"\" aria-label=\"Select options for &ldquo;Hoodie Puma Linha Fan&rdquo;\" rel=\"nofollow\"><span class=\"text\">Select options<\/span><span class=\"icon\"><span class=\"et-icon et-shopping-cart\"><\/span><\/span><\/a>\t\t\t\t<a href=https:\/\/www.fcfamalicao.pt\/en\/loja\/hoodie-puma-linha-fan\/ title=\"Quick View\" data-product_id=\"56100\" class=\"et-quickview-btn et-tooltip product_type_variable\"><span class=\"text\">Quick View<\/span><span class=\"icon\"><span class=\"et-icon et-maximize-2\"><\/span><\/span><\/span><\/a>\t\t\t<\/div>\n\t\t<\/div>\n\t<\/figure>\n\t<div class=\"caption\">\n\t\t<div class=\"product-title\">\n\t\t\t<h3><a class=\"product-link\" href=\"https:\/\/www.fcfamalicao.pt\/en\/loja\/hoodie-puma-linha-fan\/\" title=\"Hoodie Puma Linha Fan\">Hoodie Puma Linha Fan<\/a><\/h3>\n\t\t\t\t\t<\/div>\n\t\t\n\t\t<div class=\"product_after_title\">\n\n\t\t\t<div class=\"product_after_shop_loop_price\">\n\t\t\t\t\n\t<span class=\"price\"><del aria-hidden=\"true\"><span class=\"woocommerce-Price-amount amount\"><bdi>49.00<span class=\"woocommerce-Price-currencySymbol\">&euro;<\/span><\/bdi><\/span><\/del> <span class=\"screen-reader-text\">Original price was: 49.00&euro;.<\/span><ins aria-hidden=\"true\"><span class=\"woocommerce-Price-amount amount\"><bdi>24.50<span class=\"woocommerce-Price-currencySymbol\">&euro;<\/span><\/bdi><\/span><\/ins><span class=\"screen-reader-text\">Current price is: 24.50&euro;.<\/span><\/span>\n\t\t\t<\/div>\n\n\t\t\t<div class=\"product-excerpt\">\n\t\t\t\t\t\t\t<\/div>\n\n\t\t\t<div class=\"after_shop_loop_actions\">\n\n\t\t\t\t<a href=\"https:\/\/www.fcfamalicao.pt\/en\/loja\/hoodie-puma-linha-fan\/\" data-quantity=\"1\" class=\"button product_type_variable add_to_cart_button\" data-product_id=\"56100\" data-product_sku=\"\" aria-label=\"Select options for &ldquo;Hoodie Puma Linha Fan&rdquo;\" rel=\"nofollow\"><span class=\"text\">Select options<\/span><span class=\"icon\"><span class=\"et-icon et-shopping-cart\"><\/span><\/span><\/a><span class=\"gtm4wp_productdata\" style=\"display:none; visibility:hidden;\" data-gtm4wp_product_data=\"{&quot;internal_id&quot;:56100,&quot;item_id&quot;:56100,&quot;item_name&quot;:&quot;Hoodie Puma Linha Fan&quot;,&quot;sku&quot;:56100,&quot;price&quot;:24.5,&quot;stocklevel&quot;:null,&quot;stockstatus&quot;:&quot;instock&quot;,&quot;google_business_vertical&quot;:&quot;retail&quot;,&quot;item_category&quot;:&quot;Uncategorized&quot;,&quot;id&quot;:56100,&quot;productlink&quot;:&quot;https:\\\/\\\/www.fcfamalicao.pt\\\/en\\\/loja\\\/hoodie-puma-linha-fan\\\/&quot;,&quot;item_list_name&quot;:&quot;General Product List&quot;,&quot;index&quot;:1,&quot;product_type&quot;:&quot;variable&quot;,&quot;item_brand&quot;:&quot;&quot;}\"><\/span>\t\t\t<\/div>\n\n\t\t<\/div>\n\n\t\t\n\t<\/div>\n\n\t<\/div>\n\n<\/li>\n<li class=\"item et-listing-style2 col-6 col-sm-6 col-md-4 col-lg-4 small_grid_4 hover-image-load product type-product post-56086 status-publish instock product_cat-uncategorized has-post-thumbnail sale shipping-taxable purchasable product-type-variable\">\n\t<div class=\"product-inner animation bottom-to-top\">\n\t\t<figure class=\"product_thumbnail et-image-hover\">  \n\t\t<a href=\"https:\/\/www.fcfamalicao.pt\/en\/loja\/t-shirt-linha-fan\/\" title=\"T-Shirt Linha Fan\"><img loading=\"lazy\" decoding=\"async\" width=\"600\" height=\"600\" src=\"https:\/\/www.fcfamalicao.pt\/wp-content\/uploads\/2024\/08\/fcf-camisola-06a-tinified-600x600.jpg\" class=\"main-image skip-lazy wp-post-image\" alt=\"\" srcset=\"https:\/\/www.fcfamalicao.pt\/wp-content\/uploads\/2024\/08\/fcf-camisola-06a-tinified-600x600.jpg 600w, https:\/\/www.fcfamalicao.pt\/wp-content\/uploads\/2024\/08\/fcf-camisola-06a-tinified-300x300.jpg 300w, https:\/\/www.fcfamalicao.pt\/wp-content\/uploads\/2024\/08\/fcf-camisola-06a-tinified-1024x1024.jpg 1024w, https:\/\/www.fcfamalicao.pt\/wp-content\/uploads\/2024\/08\/fcf-camisola-06a-tinified-150x150.jpg 150w, https:\/\/www.fcfamalicao.pt\/wp-content\/uploads\/2024\/08\/fcf-camisola-06a-tinified-768x768.jpg 768w, https:\/\/www.fcfamalicao.pt\/wp-content\/uploads\/2024\/08\/fcf-camisola-06a-tinified-1536x1536.jpg 1536w, https:\/\/www.fcfamalicao.pt\/wp-content\/uploads\/2024\/08\/fcf-camisola-06a-tinified-128x128.jpg 128w, https:\/\/www.fcfamalicao.pt\/wp-content\/uploads\/2024\/08\/fcf-camisola-06a-tinified-32x32.jpg 32w, https:\/\/www.fcfamalicao.pt\/wp-content\/uploads\/2024\/08\/fcf-camisola-06a-tinified-900x900.jpg 900w, https:\/\/www.fcfamalicao.pt\/wp-content\/uploads\/2024\/08\/fcf-camisola-06a-tinified-100x100.jpg 100w, https:\/\/www.fcfamalicao.pt\/wp-content\/uploads\/2024\/08\/fcf-camisola-06a-tinified.jpg 1600w\" sizes=\"auto, (max-width: 600px) 100vw, 600px\" \/><img loading=\"lazy\" decoding=\"async\" width=\"600\" height=\"600\" src=\"https:\/\/www.fcfamalicao.pt\/wp-content\/uploads\/2024\/08\/fcf-camisola-06b-tinified-600x600.jpg\" class=\"product_thumbnail_hover\" alt=\"\" srcset=\"https:\/\/www.fcfamalicao.pt\/wp-content\/uploads\/2024\/08\/fcf-camisola-06b-tinified-600x600.jpg 600w, https:\/\/www.fcfamalicao.pt\/wp-content\/uploads\/2024\/08\/fcf-camisola-06b-tinified-300x300.jpg 300w, https:\/\/www.fcfamalicao.pt\/wp-content\/uploads\/2024\/08\/fcf-camisola-06b-tinified-1024x1024.jpg 1024w, https:\/\/www.fcfamalicao.pt\/wp-content\/uploads\/2024\/08\/fcf-camisola-06b-tinified-150x150.jpg 150w, https:\/\/www.fcfamalicao.pt\/wp-content\/uploads\/2024\/08\/fcf-camisola-06b-tinified-768x768.jpg 768w, https:\/\/www.fcfamalicao.pt\/wp-content\/uploads\/2024\/08\/fcf-camisola-06b-tinified-1536x1536.jpg 1536w, https:\/\/www.fcfamalicao.pt\/wp-content\/uploads\/2024\/08\/fcf-camisola-06b-tinified-128x128.jpg 128w, https:\/\/www.fcfamalicao.pt\/wp-content\/uploads\/2024\/08\/fcf-camisola-06b-tinified-32x32.jpg 32w, https:\/\/www.fcfamalicao.pt\/wp-content\/uploads\/2024\/08\/fcf-camisola-06b-tinified-900x900.jpg 900w, https:\/\/www.fcfamalicao.pt\/wp-content\/uploads\/2024\/08\/fcf-camisola-06b-tinified-100x100.jpg 100w, https:\/\/www.fcfamalicao.pt\/wp-content\/uploads\/2024\/08\/fcf-camisola-06b-tinified.jpg 1600w\" sizes=\"auto, (max-width: 600px) 100vw, 600px\" \/><\/a>\n\t\t<span class=\"badge onsale perc\"><span class=\"onsale-before\">-<\/span>50<span class=\"onsale-after\">%<\/span> <span class=\"onsale-off\">Off<\/span><\/span>\t\t<div class=\"actions-wrapper\">\n\t\t\t<div class=\"actions-inner\">\n\t\t\t\t\t\t\t\t<a href=\"https:\/\/www.fcfamalicao.pt\/en\/loja\/t-shirt-linha-fan\/\" data-quantity=\"1\" class=\"button product_type_variable add_to_cart_button\" data-product_id=\"56086\" data-product_sku=\"\" aria-label=\"Select options for &ldquo;T-Shirt Linha Fan&rdquo;\" rel=\"nofollow\"><span class=\"text\">Select options<\/span><span class=\"icon\"><span class=\"et-icon et-shopping-cart\"><\/span><\/span><\/a>\t\t\t\t<a href=https:\/\/www.fcfamalicao.pt\/en\/loja\/t-shirt-linha-fan\/ title=\"Quick View\" data-product_id=\"56086\" class=\"et-quickview-btn et-tooltip product_type_variable\"><span class=\"text\">Quick View<\/span><span class=\"icon\"><span class=\"et-icon et-maximize-2\"><\/span><\/span><\/span><\/a>\t\t\t<\/div>\n\t\t<\/div>\n\t<\/figure>\n\t<div class=\"caption\">\n\t\t<div class=\"product-title\">\n\t\t\t<h3><a class=\"product-link\" href=\"https:\/\/www.fcfamalicao.pt\/en\/loja\/t-shirt-linha-fan\/\" title=\"T-Shirt Linha Fan\">T-Shirt Linha Fan<\/a><\/h3>\n\t\t\t\t\t<\/div>\n\t\t\n\t\t<div class=\"product_after_title\">\n\n\t\t\t<div class=\"product_after_shop_loop_price\">\n\t\t\t\t\n\t<span class=\"price\"><del aria-hidden=\"true\"><span class=\"woocommerce-Price-amount amount\"><bdi>35.00<span class=\"woocommerce-Price-currencySymbol\">&euro;<\/span><\/bdi><\/span><\/del> <span class=\"screen-reader-text\">Original price was: 35.00&euro;.<\/span><ins aria-hidden=\"true\"><span class=\"woocommerce-Price-amount amount\"><bdi>17.50<span class=\"woocommerce-Price-currencySymbol\">&euro;<\/span><\/bdi><\/span><\/ins><span class=\"screen-reader-text\">Current price is: 17.50&euro;.<\/span><\/span>\n\t\t\t<\/div>\n\n\t\t\t<div class=\"product-excerpt\">\n\t\t\t\t\t\t\t<\/div>\n\n\t\t\t<div class=\"after_shop_loop_actions\">\n\n\t\t\t\t<a href=\"https:\/\/www.fcfamalicao.pt\/en\/loja\/t-shirt-linha-fan\/\" data-quantity=\"1\" class=\"button product_type_variable add_to_cart_button\" data-product_id=\"56086\" data-product_sku=\"\" aria-label=\"Select options for &ldquo;T-Shirt Linha Fan&rdquo;\" rel=\"nofollow\"><span class=\"text\">Select options<\/span><span class=\"icon\"><span class=\"et-icon et-shopping-cart\"><\/span><\/span><\/a><span class=\"gtm4wp_productdata\" style=\"display:none; visibility:hidden;\" data-gtm4wp_product_data=\"{&quot;internal_id&quot;:56086,&quot;item_id&quot;:56086,&quot;item_name&quot;:&quot;T-Shirt Linha Fan&quot;,&quot;sku&quot;:56086,&quot;price&quot;:17.5,&quot;stocklevel&quot;:null,&quot;stockstatus&quot;:&quot;instock&quot;,&quot;google_business_vertical&quot;:&quot;retail&quot;,&quot;item_category&quot;:&quot;Uncategorized&quot;,&quot;id&quot;:56086,&quot;productlink&quot;:&quot;https:\\\/\\\/www.fcfamalicao.pt\\\/en\\\/loja\\\/t-shirt-linha-fan\\\/&quot;,&quot;item_list_name&quot;:&quot;General Product List&quot;,&quot;index&quot;:2,&quot;product_type&quot;:&quot;variable&quot;,&quot;item_brand&quot;:&quot;&quot;}\"><\/span>\t\t\t<\/div>\n\n\t\t<\/div>\n\n\t\t\n\t<\/div>\n\n\t<\/div>\n\n<\/li>\n<li class=\"item et-listing-style2 col-6 col-sm-6 col-md-4 col-lg-4 small_grid_4 hover-image-load product type-product post-56074 status-publish last instock product_cat-shorts has-post-thumbnail sale shipping-taxable purchasable product-type-variable\">\n\t<div class=\"product-inner animation bottom-to-top\">\n\t\t<figure class=\"product_thumbnail et-image-hover\">  \n\t\t<a href=\"https:\/\/www.fcfamalicao.pt\/en\/loja\/calcao-principal-24-25\/\" title=\"Cal\u00e7\u00e3o Principal 24\/25\"><img loading=\"lazy\" decoding=\"async\" width=\"600\" height=\"600\" src=\"https:\/\/www.fcfamalicao.pt\/wp-content\/uploads\/2024\/10\/BI_1540-600x600.jpg\" class=\"main-image skip-lazy wp-post-image\" alt=\"\" srcset=\"https:\/\/www.fcfamalicao.pt\/wp-content\/uploads\/2024\/10\/BI_1540-600x600.jpg 600w, https:\/\/www.fcfamalicao.pt\/wp-content\/uploads\/2024\/10\/BI_1540-300x300.jpg 300w, https:\/\/www.fcfamalicao.pt\/wp-content\/uploads\/2024\/10\/BI_1540-1024x1024.jpg 1024w, https:\/\/www.fcfamalicao.pt\/wp-content\/uploads\/2024\/10\/BI_1540-150x150.jpg 150w, https:\/\/www.fcfamalicao.pt\/wp-content\/uploads\/2024\/10\/BI_1540-768x768.jpg 768w, https:\/\/www.fcfamalicao.pt\/wp-content\/uploads\/2024\/10\/BI_1540-1536x1536.jpg 1536w, https:\/\/www.fcfamalicao.pt\/wp-content\/uploads\/2024\/10\/BI_1540-2048x2048.jpg 2048w, https:\/\/www.fcfamalicao.pt\/wp-content\/uploads\/2024\/10\/BI_1540-128x128.jpg 128w, https:\/\/www.fcfamalicao.pt\/wp-content\/uploads\/2024\/10\/BI_1540-32x32.jpg 32w, https:\/\/www.fcfamalicao.pt\/wp-content\/uploads\/2024\/10\/BI_1540-900x900.jpg 900w, https:\/\/www.fcfamalicao.pt\/wp-content\/uploads\/2024\/10\/BI_1540-100x100.jpg 100w\" sizes=\"auto, (max-width: 600px) 100vw, 600px\" \/><img loading=\"lazy\" decoding=\"async\" width=\"600\" height=\"600\" src=\"https:\/\/www.fcfamalicao.pt\/wp-content\/uploads\/2024\/10\/BI_1541-600x600.jpg\" class=\"product_thumbnail_hover\" alt=\"\" srcset=\"https:\/\/www.fcfamalicao.pt\/wp-content\/uploads\/2024\/10\/BI_1541-600x600.jpg 600w, https:\/\/www.fcfamalicao.pt\/wp-content\/uploads\/2024\/10\/BI_1541-300x300.jpg 300w, https:\/\/www.fcfamalicao.pt\/wp-content\/uploads\/2024\/10\/BI_1541-1024x1024.jpg 1024w, https:\/\/www.fcfamalicao.pt\/wp-content\/uploads\/2024\/10\/BI_1541-150x150.jpg 150w, https:\/\/www.fcfamalicao.pt\/wp-content\/uploads\/2024\/10\/BI_1541-768x768.jpg 768w, https:\/\/www.fcfamalicao.pt\/wp-content\/uploads\/2024\/10\/BI_1541-1536x1536.jpg 1536w, https:\/\/www.fcfamalicao.pt\/wp-content\/uploads\/2024\/10\/BI_1541-2048x2048.jpg 2048w, https:\/\/www.fcfamalicao.pt\/wp-content\/uploads\/2024\/10\/BI_1541-128x128.jpg 128w, https:\/\/www.fcfamalicao.pt\/wp-content\/uploads\/2024\/10\/BI_1541-32x32.jpg 32w, https:\/\/www.fcfamalicao.pt\/wp-content\/uploads\/2024\/10\/BI_1541-900x900.jpg 900w, https:\/\/www.fcfamalicao.pt\/wp-content\/uploads\/2024\/10\/BI_1541-100x100.jpg 100w\" sizes=\"auto, (max-width: 600px) 100vw, 600px\" \/><\/a>\n\t\t<span class=\"badge onsale perc\"><span class=\"onsale-before\">-<\/span>50<span class=\"onsale-after\">%<\/span> <span class=\"onsale-off\">Off<\/span><\/span>\t\t<div class=\"actions-wrapper\">\n\t\t\t<div class=\"actions-inner\">\n\t\t\t\t\t\t\t\t<a href=\"https:\/\/www.fcfamalicao.pt\/en\/loja\/calcao-principal-24-25\/\" data-quantity=\"1\" class=\"button product_type_variable add_to_cart_button\" data-product_id=\"56074\" data-product_sku=\"\" aria-label=\"Select options for &ldquo;Cal\u00e7\u00e3o Principal 24\/25&rdquo;\" rel=\"nofollow\"><span class=\"text\">Select options<\/span><span class=\"icon\"><span class=\"et-icon et-shopping-cart\"><\/span><\/span><\/a>\t\t\t\t<a href=https:\/\/www.fcfamalicao.pt\/en\/loja\/calcao-principal-24-25\/ title=\"Quick View\" data-product_id=\"56074\" class=\"et-quickview-btn et-tooltip product_type_variable\"><span class=\"text\">Quick View<\/span><span class=\"icon\"><span class=\"et-icon et-maximize-2\"><\/span><\/span><\/span><\/a>\t\t\t<\/div>\n\t\t<\/div>\n\t<\/figure>\n\t<div class=\"caption\">\n\t\t<div class=\"product-title\">\n\t\t\t<h3><a class=\"product-link\" href=\"https:\/\/www.fcfamalicao.pt\/en\/loja\/calcao-principal-24-25\/\" title=\"Cal\u00e7\u00e3o Principal 24\/25\">Cal\u00e7\u00e3o Principal 24\/25<\/a><\/h3>\n\t\t\t\t\t<\/div>\n\t\t\n\t\t<div class=\"product_after_title\">\n\n\t\t\t<div class=\"product_after_shop_loop_price\">\n\t\t\t\t\n\t<span class=\"price\"><del aria-hidden=\"true\"><span class=\"woocommerce-Price-amount amount\"><bdi>30.00<span class=\"woocommerce-Price-currencySymbol\">&euro;<\/span><\/bdi><\/span><\/del> <span class=\"screen-reader-text\">Original price was: 30.00&euro;.<\/span><ins aria-hidden=\"true\"><span class=\"woocommerce-Price-amount amount\"><bdi>15.00<span class=\"woocommerce-Price-currencySymbol\">&euro;<\/span><\/bdi><\/span><\/ins><span class=\"screen-reader-text\">Current price is: 15.00&euro;.<\/span><\/span>\n\t\t\t<\/div>\n\n\t\t\t<div class=\"product-excerpt\">\n\t\t\t\t\t\t\t<\/div>\n\n\t\t\t<div class=\"after_shop_loop_actions\">\n\n\t\t\t\t<a href=\"https:\/\/www.fcfamalicao.pt\/en\/loja\/calcao-principal-24-25\/\" data-quantity=\"1\" class=\"button product_type_variable add_to_cart_button\" data-product_id=\"56074\" data-product_sku=\"\" aria-label=\"Select options for &ldquo;Cal\u00e7\u00e3o Principal 24\/25&rdquo;\" rel=\"nofollow\"><span class=\"text\">Select options<\/span><span class=\"icon\"><span class=\"et-icon et-shopping-cart\"><\/span><\/span><\/a><span class=\"gtm4wp_productdata\" style=\"display:none; visibility:hidden;\" data-gtm4wp_product_data=\"{&quot;internal_id&quot;:56074,&quot;item_id&quot;:56074,&quot;item_name&quot;:&quot;Cal\\u00e7\\u00e3o Principal 24\\\/25&quot;,&quot;sku&quot;:56074,&quot;price&quot;:15,&quot;stocklevel&quot;:null,&quot;stockstatus&quot;:&quot;instock&quot;,&quot;google_business_vertical&quot;:&quot;retail&quot;,&quot;item_category&quot;:&quot;Shorts&quot;,&quot;id&quot;:56074,&quot;productlink&quot;:&quot;https:\\\/\\\/www.fcfamalicao.pt\\\/en\\\/loja\\\/calcao-principal-24-25\\\/&quot;,&quot;item_list_name&quot;:&quot;General Product List&quot;,&quot;index&quot;:3,&quot;product_type&quot;:&quot;variable&quot;,&quot;item_brand&quot;:&quot;&quot;}\"><\/span>\t\t\t<\/div>\n\n\t\t<\/div>\n\n\t\t\n\t<\/div>\n\n\t<\/div>\n\n<\/li>\n<li class=\"item et-listing-style2 col-6 col-sm-6 col-md-4 col-lg-4 small_grid_4 hover-image-load product type-product post-56063 status-publish first instock product_cat-coats has-post-thumbnail sale shipping-taxable purchasable product-type-variable\">\n\t<div class=\"product-inner animation bottom-to-top\">\n\t\t<figure class=\"product_thumbnail et-image-hover\">  \n\t\t<a href=\"https:\/\/www.fcfamalicao.pt\/en\/loja\/calcao-alternativo-n-o-1\/\" title=\"Cal\u00e7\u00e3o Alternativo n.\u00ba 1 24\/25\"><img loading=\"lazy\" decoding=\"async\" width=\"600\" height=\"600\" src=\"https:\/\/www.fcfamalicao.pt\/wp-content\/uploads\/2024\/10\/BI_1542-600x600.jpg\" class=\"main-image skip-lazy wp-post-image\" alt=\"\" srcset=\"https:\/\/www.fcfamalicao.pt\/wp-content\/uploads\/2024\/10\/BI_1542-600x600.jpg 600w, https:\/\/www.fcfamalicao.pt\/wp-content\/uploads\/2024\/10\/BI_1542-300x300.jpg 300w, https:\/\/www.fcfamalicao.pt\/wp-content\/uploads\/2024\/10\/BI_1542-1024x1024.jpg 1024w, https:\/\/www.fcfamalicao.pt\/wp-content\/uploads\/2024\/10\/BI_1542-150x150.jpg 150w, https:\/\/www.fcfamalicao.pt\/wp-content\/uploads\/2024\/10\/BI_1542-768x768.jpg 768w, https:\/\/www.fcfamalicao.pt\/wp-content\/uploads\/2024\/10\/BI_1542-1536x1536.jpg 1536w, https:\/\/www.fcfamalicao.pt\/wp-content\/uploads\/2024\/10\/BI_1542-2048x2048.jpg 2048w, https:\/\/www.fcfamalicao.pt\/wp-content\/uploads\/2024\/10\/BI_1542-128x128.jpg 128w, https:\/\/www.fcfamalicao.pt\/wp-content\/uploads\/2024\/10\/BI_1542-32x32.jpg 32w, https:\/\/www.fcfamalicao.pt\/wp-content\/uploads\/2024\/10\/BI_1542-900x900.jpg 900w, https:\/\/www.fcfamalicao.pt\/wp-content\/uploads\/2024\/10\/BI_1542-100x100.jpg 100w\" sizes=\"auto, (max-width: 600px) 100vw, 600px\" \/><img loading=\"lazy\" decoding=\"async\" width=\"600\" height=\"600\" src=\"https:\/\/www.fcfamalicao.pt\/wp-content\/uploads\/2024\/10\/BI_1543-600x600.jpg\" class=\"product_thumbnail_hover\" alt=\"\" srcset=\"https:\/\/www.fcfamalicao.pt\/wp-content\/uploads\/2024\/10\/BI_1543-600x600.jpg 600w, https:\/\/www.fcfamalicao.pt\/wp-content\/uploads\/2024\/10\/BI_1543-300x300.jpg 300w, https:\/\/www.fcfamalicao.pt\/wp-content\/uploads\/2024\/10\/BI_1543-1024x1024.jpg 1024w, https:\/\/www.fcfamalicao.pt\/wp-content\/uploads\/2024\/10\/BI_1543-150x150.jpg 150w, https:\/\/www.fcfamalicao.pt\/wp-content\/uploads\/2024\/10\/BI_1543-768x768.jpg 768w, https:\/\/www.fcfamalicao.pt\/wp-content\/uploads\/2024\/10\/BI_1543-1536x1536.jpg 1536w, https:\/\/www.fcfamalicao.pt\/wp-content\/uploads\/2024\/10\/BI_1543-2048x2048.jpg 2048w, https:\/\/www.fcfamalicao.pt\/wp-content\/uploads\/2024\/10\/BI_1543-128x128.jpg 128w, https:\/\/www.fcfamalicao.pt\/wp-content\/uploads\/2024\/10\/BI_1543-32x32.jpg 32w, https:\/\/www.fcfamalicao.pt\/wp-content\/uploads\/2024\/10\/BI_1543-900x900.jpg 900w, https:\/\/www.fcfamalicao.pt\/wp-content\/uploads\/2024\/10\/BI_1543-100x100.jpg 100w\" sizes=\"auto, (max-width: 600px) 100vw, 600px\" \/><\/a>\n\t\t<span class=\"badge onsale perc\"><span class=\"onsale-before\">-<\/span>50<span class=\"onsale-after\">%<\/span> <span class=\"onsale-off\">Off<\/span><\/span>\t\t<div class=\"actions-wrapper\">\n\t\t\t<div class=\"actions-inner\">\n\t\t\t\t\t\t\t\t<a href=\"https:\/\/www.fcfamalicao.pt\/en\/loja\/calcao-alternativo-n-o-1\/\" data-quantity=\"1\" class=\"button product_type_variable add_to_cart_button\" data-product_id=\"56063\" data-product_sku=\"\" aria-label=\"Select options for &ldquo;Cal\u00e7\u00e3o Alternativo n.\u00ba 1 24\/25&rdquo;\" rel=\"nofollow\"><span class=\"text\">Select options<\/span><span class=\"icon\"><span class=\"et-icon et-shopping-cart\"><\/span><\/span><\/a>\t\t\t\t<a href=https:\/\/www.fcfamalicao.pt\/en\/loja\/calcao-alternativo-n-o-1\/ title=\"Quick View\" data-product_id=\"56063\" class=\"et-quickview-btn et-tooltip product_type_variable\"><span class=\"text\">Quick View<\/span><span class=\"icon\"><span class=\"et-icon et-maximize-2\"><\/span><\/span><\/span><\/a>\t\t\t<\/div>\n\t\t<\/div>\n\t<\/figure>\n\t<div class=\"caption\">\n\t\t<div class=\"product-title\">\n\t\t\t<h3><a class=\"product-link\" href=\"https:\/\/www.fcfamalicao.pt\/en\/loja\/calcao-alternativo-n-o-1\/\" title=\"Cal\u00e7\u00e3o Alternativo n.\u00ba 1 24\/25\">Cal\u00e7\u00e3o Alternativo n.\u00ba 1 24\/25<\/a><\/h3>\n\t\t\t\t\t<\/div>\n\t\t\n\t\t<div class=\"product_after_title\">\n\n\t\t\t<div class=\"product_after_shop_loop_price\">\n\t\t\t\t\n\t<span class=\"price\"><del aria-hidden=\"true\"><span class=\"woocommerce-Price-amount amount\"><bdi>30.00<span class=\"woocommerce-Price-currencySymbol\">&euro;<\/span><\/bdi><\/span><\/del> <span class=\"screen-reader-text\">Original price was: 30.00&euro;.<\/span><ins aria-hidden=\"true\"><span class=\"woocommerce-Price-amount amount\"><bdi>15.00<span class=\"woocommerce-Price-currencySymbol\">&euro;<\/span><\/bdi><\/span><\/ins><span class=\"screen-reader-text\">Current price is: 15.00&euro;.<\/span><\/span>\n\t\t\t<\/div>\n\n\t\t\t<div class=\"product-excerpt\">\n\t\t\t\t\t\t\t<\/div>\n\n\t\t\t<div class=\"after_shop_loop_actions\">\n\n\t\t\t\t<a href=\"https:\/\/www.fcfamalicao.pt\/en\/loja\/calcao-alternativo-n-o-1\/\" data-quantity=\"1\" class=\"button product_type_variable add_to_cart_button\" data-product_id=\"56063\" data-product_sku=\"\" aria-label=\"Select options for &ldquo;Cal\u00e7\u00e3o Alternativo n.\u00ba 1 24\/25&rdquo;\" rel=\"nofollow\"><span class=\"text\">Select options<\/span><span class=\"icon\"><span class=\"et-icon et-shopping-cart\"><\/span><\/span><\/a><span class=\"gtm4wp_productdata\" style=\"display:none; visibility:hidden;\" data-gtm4wp_product_data=\"{&quot;internal_id&quot;:56063,&quot;item_id&quot;:56063,&quot;item_name&quot;:&quot;Cal\\u00e7\\u00e3o Alternativo n.\\u00ba 1 24\\\/25&quot;,&quot;sku&quot;:56063,&quot;price&quot;:15,&quot;stocklevel&quot;:null,&quot;stockstatus&quot;:&quot;instock&quot;,&quot;google_business_vertical&quot;:&quot;retail&quot;,&quot;item_category&quot;:&quot;Coats&quot;,&quot;id&quot;:56063,&quot;productlink&quot;:&quot;https:\\\/\\\/www.fcfamalicao.pt\\\/en\\\/loja\\\/calcao-alternativo-n-o-1\\\/&quot;,&quot;item_list_name&quot;:&quot;General Product List&quot;,&quot;index&quot;:4,&quot;product_type&quot;:&quot;variable&quot;,&quot;item_brand&quot;:&quot;&quot;}\"><\/span>\t\t\t<\/div>\n\n\t\t<\/div>\n\n\t\t\n\t<\/div>\n\n\t<\/div>\n\n<\/li>\n<li class=\"item et-listing-style2 col-6 col-sm-6 col-md-4 col-lg-4 small_grid_4 hover-image-load product type-product post-56051 status-publish instock product_cat-shorts has-post-thumbnail sale shipping-taxable purchasable product-type-variable\">\n\t<div class=\"product-inner animation bottom-to-top\">\n\t\t<figure class=\"product_thumbnail et-image-hover\">  \n\t\t<a href=\"https:\/\/www.fcfamalicao.pt\/en\/loja\/calcao-principal-24-25-2\/\" title=\"Cal\u00e7\u00e3o Principal Guarda-redes 24\/25\"><img loading=\"lazy\" decoding=\"async\" width=\"600\" height=\"600\" src=\"https:\/\/www.fcfamalicao.pt\/wp-content\/uploads\/2024\/10\/BI_1534-600x600.jpg\" class=\"main-image skip-lazy wp-post-image\" alt=\"\" srcset=\"https:\/\/www.fcfamalicao.pt\/wp-content\/uploads\/2024\/10\/BI_1534-600x600.jpg 600w, https:\/\/www.fcfamalicao.pt\/wp-content\/uploads\/2024\/10\/BI_1534-300x300.jpg 300w, https:\/\/www.fcfamalicao.pt\/wp-content\/uploads\/2024\/10\/BI_1534-1024x1024.jpg 1024w, https:\/\/www.fcfamalicao.pt\/wp-content\/uploads\/2024\/10\/BI_1534-150x150.jpg 150w, https:\/\/www.fcfamalicao.pt\/wp-content\/uploads\/2024\/10\/BI_1534-768x768.jpg 768w, https:\/\/www.fcfamalicao.pt\/wp-content\/uploads\/2024\/10\/BI_1534-1536x1536.jpg 1536w, https:\/\/www.fcfamalicao.pt\/wp-content\/uploads\/2024\/10\/BI_1534-2048x2048.jpg 2048w, https:\/\/www.fcfamalicao.pt\/wp-content\/uploads\/2024\/10\/BI_1534-128x128.jpg 128w, https:\/\/www.fcfamalicao.pt\/wp-content\/uploads\/2024\/10\/BI_1534-32x32.jpg 32w, https:\/\/www.fcfamalicao.pt\/wp-content\/uploads\/2024\/10\/BI_1534-900x900.jpg 900w, https:\/\/www.fcfamalicao.pt\/wp-content\/uploads\/2024\/10\/BI_1534-100x100.jpg 100w\" sizes=\"auto, (max-width: 600px) 100vw, 600px\" \/><img loading=\"lazy\" decoding=\"async\" width=\"600\" height=\"600\" src=\"https:\/\/www.fcfamalicao.pt\/wp-content\/uploads\/2024\/10\/BI_1535-600x600.jpg\" class=\"product_thumbnail_hover\" alt=\"\" srcset=\"https:\/\/www.fcfamalicao.pt\/wp-content\/uploads\/2024\/10\/BI_1535-600x600.jpg 600w, https:\/\/www.fcfamalicao.pt\/wp-content\/uploads\/2024\/10\/BI_1535-300x300.jpg 300w, https:\/\/www.fcfamalicao.pt\/wp-content\/uploads\/2024\/10\/BI_1535-1024x1024.jpg 1024w, https:\/\/www.fcfamalicao.pt\/wp-content\/uploads\/2024\/10\/BI_1535-150x150.jpg 150w, https:\/\/www.fcfamalicao.pt\/wp-content\/uploads\/2024\/10\/BI_1535-768x768.jpg 768w, https:\/\/www.fcfamalicao.pt\/wp-content\/uploads\/2024\/10\/BI_1535-1536x1536.jpg 1536w, https:\/\/www.fcfamalicao.pt\/wp-content\/uploads\/2024\/10\/BI_1535-2048x2048.jpg 2048w, https:\/\/www.fcfamalicao.pt\/wp-content\/uploads\/2024\/10\/BI_1535-128x128.jpg 128w, https:\/\/www.fcfamalicao.pt\/wp-content\/uploads\/2024\/10\/BI_1535-32x32.jpg 32w, https:\/\/www.fcfamalicao.pt\/wp-content\/uploads\/2024\/10\/BI_1535-900x900.jpg 900w, https:\/\/www.fcfamalicao.pt\/wp-content\/uploads\/2024\/10\/BI_1535-100x100.jpg 100w\" sizes=\"auto, (max-width: 600px) 100vw, 600px\" \/><\/a>\n\t\t<span class=\"badge onsale perc\"><span class=\"onsale-before\">-<\/span>50<span class=\"onsale-after\">%<\/span> <span class=\"onsale-off\">Off<\/span><\/span>\t\t<div class=\"actions-wrapper\">\n\t\t\t<div class=\"actions-inner\">\n\t\t\t\t\t\t\t\t<a href=\"https:\/\/www.fcfamalicao.pt\/en\/loja\/calcao-principal-24-25-2\/\" data-quantity=\"1\" class=\"button product_type_variable add_to_cart_button\" data-product_id=\"56051\" data-product_sku=\"\" aria-label=\"Select options for &ldquo;Cal\u00e7\u00e3o Principal Guarda-redes 24\/25&rdquo;\" rel=\"nofollow\"><span class=\"text\">Select options<\/span><span class=\"icon\"><span class=\"et-icon et-shopping-cart\"><\/span><\/span><\/a>\t\t\t\t<a href=https:\/\/www.fcfamalicao.pt\/en\/loja\/calcao-principal-24-25-2\/ title=\"Quick View\" data-product_id=\"56051\" class=\"et-quickview-btn et-tooltip product_type_variable\"><span class=\"text\">Quick View<\/span><span class=\"icon\"><span class=\"et-icon et-maximize-2\"><\/span><\/span><\/span><\/a>\t\t\t<\/div>\n\t\t<\/div>\n\t<\/figure>\n\t<div class=\"caption\">\n\t\t<div class=\"product-title\">\n\t\t\t<h3><a class=\"product-link\" href=\"https:\/\/www.fcfamalicao.pt\/en\/loja\/calcao-principal-24-25-2\/\" title=\"Cal\u00e7\u00e3o Principal Guarda-redes 24\/25\">Cal\u00e7\u00e3o Principal Guarda-redes 24\/25<\/a><\/h3>\n\t\t\t\t\t<\/div>\n\t\t\n\t\t<div class=\"product_after_title\">\n\n\t\t\t<div class=\"product_after_shop_loop_price\">\n\t\t\t\t\n\t<span class=\"price\"><del aria-hidden=\"true\"><span class=\"woocommerce-Price-amount amount\"><bdi>30.00<span class=\"woocommerce-Price-currencySymbol\">&euro;<\/span><\/bdi><\/span><\/del> <span class=\"screen-reader-text\">Original price was: 30.00&euro;.<\/span><ins aria-hidden=\"true\"><span class=\"woocommerce-Price-amount amount\"><bdi>15.00<span class=\"woocommerce-Price-currencySymbol\">&euro;<\/span><\/bdi><\/span><\/ins><span class=\"screen-reader-text\">Current price is: 15.00&euro;.<\/span><\/span>\n\t\t\t<\/div>\n\n\t\t\t<div class=\"product-excerpt\">\n\t\t\t\t\t\t\t<\/div>\n\n\t\t\t<div class=\"after_shop_loop_actions\">\n\n\t\t\t\t<a href=\"https:\/\/www.fcfamalicao.pt\/en\/loja\/calcao-principal-24-25-2\/\" data-quantity=\"1\" class=\"button product_type_variable add_to_cart_button\" data-product_id=\"56051\" data-product_sku=\"\" aria-label=\"Select options for &ldquo;Cal\u00e7\u00e3o Principal Guarda-redes 24\/25&rdquo;\" rel=\"nofollow\"><span class=\"text\">Select options<\/span><span class=\"icon\"><span class=\"et-icon et-shopping-cart\"><\/span><\/span><\/a><span class=\"gtm4wp_productdata\" style=\"display:none; visibility:hidden;\" data-gtm4wp_product_data=\"{&quot;internal_id&quot;:56051,&quot;item_id&quot;:56051,&quot;item_name&quot;:&quot;Cal\\u00e7\\u00e3o Principal Guarda-redes 24\\\/25&quot;,&quot;sku&quot;:56051,&quot;price&quot;:15,&quot;stocklevel&quot;:null,&quot;stockstatus&quot;:&quot;instock&quot;,&quot;google_business_vertical&quot;:&quot;retail&quot;,&quot;item_category&quot;:&quot;Shorts&quot;,&quot;id&quot;:56051,&quot;productlink&quot;:&quot;https:\\\/\\\/www.fcfamalicao.pt\\\/en\\\/loja\\\/calcao-principal-24-25-2\\\/&quot;,&quot;item_list_name&quot;:&quot;General Product List&quot;,&quot;index&quot;:5,&quot;product_type&quot;:&quot;variable&quot;,&quot;item_brand&quot;:&quot;&quot;}\"><\/span>\t\t\t<\/div>\n\n\t\t<\/div>\n\n\t\t\n\t<\/div>\n\n\t<\/div>\n\n<\/li>\n<li class=\"item et-listing-style2 col-6 col-sm-6 col-md-4 col-lg-4 small_grid_4 hover-image-load product type-product post-56045 status-publish last instock product_cat-shorts has-post-thumbnail sale shipping-taxable purchasable product-type-variable\">\n\t<div class=\"product-inner animation bottom-to-top\">\n\t\t<figure class=\"product_thumbnail et-image-hover\">  \n\t\t<a href=\"https:\/\/www.fcfamalicao.pt\/en\/loja\/calcao-alternativo-n-o-2-24-25\/\" title=\"Cal\u00e7\u00e3o Alternativo n.\u00ba 2 Guarda-redes 24\/25\"><img loading=\"lazy\" decoding=\"async\" width=\"600\" height=\"600\" src=\"https:\/\/www.fcfamalicao.pt\/wp-content\/uploads\/2024\/10\/BI_1545-600x600.jpg\" class=\"main-image skip-lazy wp-post-image\" alt=\"\" srcset=\"https:\/\/www.fcfamalicao.pt\/wp-content\/uploads\/2024\/10\/BI_1545-600x600.jpg 600w, https:\/\/www.fcfamalicao.pt\/wp-content\/uploads\/2024\/10\/BI_1545-300x300.jpg 300w, https:\/\/www.fcfamalicao.pt\/wp-content\/uploads\/2024\/10\/BI_1545-1024x1024.jpg 1024w, https:\/\/www.fcfamalicao.pt\/wp-content\/uploads\/2024\/10\/BI_1545-150x150.jpg 150w, https:\/\/www.fcfamalicao.pt\/wp-content\/uploads\/2024\/10\/BI_1545-768x768.jpg 768w, https:\/\/www.fcfamalicao.pt\/wp-content\/uploads\/2024\/10\/BI_1545-1536x1536.jpg 1536w, https:\/\/www.fcfamalicao.pt\/wp-content\/uploads\/2024\/10\/BI_1545-2048x2048.jpg 2048w, https:\/\/www.fcfamalicao.pt\/wp-content\/uploads\/2024\/10\/BI_1545-128x128.jpg 128w, https:\/\/www.fcfamalicao.pt\/wp-content\/uploads\/2024\/10\/BI_1545-32x32.jpg 32w, https:\/\/www.fcfamalicao.pt\/wp-content\/uploads\/2024\/10\/BI_1545-900x900.jpg 900w, https:\/\/www.fcfamalicao.pt\/wp-content\/uploads\/2024\/10\/BI_1545-100x100.jpg 100w\" sizes=\"auto, (max-width: 600px) 100vw, 600px\" \/><img loading=\"lazy\" decoding=\"async\" width=\"600\" height=\"600\" src=\"https:\/\/www.fcfamalicao.pt\/wp-content\/uploads\/2024\/10\/BI_1546-600x600.jpg\" class=\"product_thumbnail_hover\" alt=\"\" srcset=\"https:\/\/www.fcfamalicao.pt\/wp-content\/uploads\/2024\/10\/BI_1546-600x600.jpg 600w, https:\/\/www.fcfamalicao.pt\/wp-content\/uploads\/2024\/10\/BI_1546-300x300.jpg 300w, https:\/\/www.fcfamalicao.pt\/wp-content\/uploads\/2024\/10\/BI_1546-1024x1024.jpg 1024w, https:\/\/www.fcfamalicao.pt\/wp-content\/uploads\/2024\/10\/BI_1546-150x150.jpg 150w, https:\/\/www.fcfamalicao.pt\/wp-content\/uploads\/2024\/10\/BI_1546-768x768.jpg 768w, https:\/\/www.fcfamalicao.pt\/wp-content\/uploads\/2024\/10\/BI_1546-1536x1536.jpg 1536w, https:\/\/www.fcfamalicao.pt\/wp-content\/uploads\/2024\/10\/BI_1546-2048x2048.jpg 2048w, https:\/\/www.fcfamalicao.pt\/wp-content\/uploads\/2024\/10\/BI_1546-128x128.jpg 128w, https:\/\/www.fcfamalicao.pt\/wp-content\/uploads\/2024\/10\/BI_1546-32x32.jpg 32w, https:\/\/www.fcfamalicao.pt\/wp-content\/uploads\/2024\/10\/BI_1546-900x900.jpg 900w, https:\/\/www.fcfamalicao.pt\/wp-content\/uploads\/2024\/10\/BI_1546-100x100.jpg 100w\" sizes=\"auto, (max-width: 600px) 100vw, 600px\" \/><\/a>\n\t\t<span class=\"badge onsale perc\"><span class=\"onsale-before\">-<\/span>50<span class=\"onsale-after\">%<\/span> <span class=\"onsale-off\">Off<\/span><\/span>\t\t<div class=\"actions-wrapper\">\n\t\t\t<div class=\"actions-inner\">\n\t\t\t\t\t\t\t\t<a href=\"https:\/\/www.fcfamalicao.pt\/en\/loja\/calcao-alternativo-n-o-2-24-25\/\" data-quantity=\"1\" class=\"button product_type_variable add_to_cart_button\" data-product_id=\"56045\" data-product_sku=\"\" aria-label=\"Select options for &ldquo;Cal\u00e7\u00e3o Alternativo n.\u00ba 2 Guarda-redes 24\/25&rdquo;\" rel=\"nofollow\"><span class=\"text\">Select options<\/span><span class=\"icon\"><span class=\"et-icon et-shopping-cart\"><\/span><\/span><\/a>\t\t\t\t<a href=https:\/\/www.fcfamalicao.pt\/en\/loja\/calcao-alternativo-n-o-2-24-25\/ title=\"Quick View\" data-product_id=\"56045\" class=\"et-quickview-btn et-tooltip product_type_variable\"><span class=\"text\">Quick View<\/span><span class=\"icon\"><span class=\"et-icon et-maximize-2\"><\/span><\/span><\/span><\/a>\t\t\t<\/div>\n\t\t<\/div>\n\t<\/figure>\n\t<div class=\"caption\">\n\t\t<div class=\"product-title\">\n\t\t\t<h3><a class=\"product-link\" href=\"https:\/\/www.fcfamalicao.pt\/en\/loja\/calcao-alternativo-n-o-2-24-25\/\" title=\"Cal\u00e7\u00e3o Alternativo n.\u00ba 2 Guarda-redes 24\/25\">Cal\u00e7\u00e3o Alternativo n.\u00ba 2 Guarda-redes 24\/25<\/a><\/h3>\n\t\t\t\t\t<\/div>\n\t\t\n\t\t<div class=\"product_after_title\">\n\n\t\t\t<div class=\"product_after_shop_loop_price\">\n\t\t\t\t\n\t<span class=\"price\"><del aria-hidden=\"true\"><span class=\"woocommerce-Price-amount amount\"><bdi>30.00<span class=\"woocommerce-Price-currencySymbol\">&euro;<\/span><\/bdi><\/span><\/del> <span class=\"screen-reader-text\">Original price was: 30.00&euro;.<\/span><ins aria-hidden=\"true\"><span class=\"woocommerce-Price-amount amount\"><bdi>15.00<span class=\"woocommerce-Price-currencySymbol\">&euro;<\/span><\/bdi><\/span><\/ins><span class=\"screen-reader-text\">Current price is: 15.00&euro;.<\/span><\/span>\n\t\t\t<\/div>\n\n\t\t\t<div class=\"product-excerpt\">\n\t\t\t\t\t\t\t<\/div>\n\n\t\t\t<div class=\"after_shop_loop_actions\">\n\n\t\t\t\t<a href=\"https:\/\/www.fcfamalicao.pt\/en\/loja\/calcao-alternativo-n-o-2-24-25\/\" data-quantity=\"1\" class=\"button product_type_variable add_to_cart_button\" data-product_id=\"56045\" data-product_sku=\"\" aria-label=\"Select options for &ldquo;Cal\u00e7\u00e3o Alternativo n.\u00ba 2 Guarda-redes 24\/25&rdquo;\" rel=\"nofollow\"><span class=\"text\">Select options<\/span><span class=\"icon\"><span class=\"et-icon et-shopping-cart\"><\/span><\/span><\/a><span class=\"gtm4wp_productdata\" style=\"display:none; visibility:hidden;\" data-gtm4wp_product_data=\"{&quot;internal_id&quot;:56045,&quot;item_id&quot;:56045,&quot;item_name&quot;:&quot;Cal\\u00e7\\u00e3o Alternativo n.\\u00ba 2 Guarda-redes 24\\\/25&quot;,&quot;sku&quot;:56045,&quot;price&quot;:15,&quot;stocklevel&quot;:null,&quot;stockstatus&quot;:&quot;instock&quot;,&quot;google_business_vertical&quot;:&quot;retail&quot;,&quot;item_category&quot;:&quot;Shorts&quot;,&quot;id&quot;:56045,&quot;productlink&quot;:&quot;https:\\\/\\\/www.fcfamalicao.pt\\\/en\\\/loja\\\/calcao-alternativo-n-o-2-24-25\\\/&quot;,&quot;item_list_name&quot;:&quot;General Product List&quot;,&quot;index&quot;:6,&quot;product_type&quot;:&quot;variable&quot;,&quot;item_brand&quot;:&quot;&quot;}\"><\/span>\t\t\t<\/div>\n\n\t\t<\/div>\n\n\t\t\n\t<\/div>\n\n\t<\/div>\n\n<\/li><\/ul>\n<\/div>\n","protected":false},"excerpt":{"rendered":"Loja 2024\/25 Acess\u00f3rios Bolas Cachec\u00f3is Linha Beb\u00e9 Linha Casual Linha Fan -50% Off Select options Quick View Hoodie Puma Linha Fan 49.00&euro; Original price was: 49.00&euro;.24.50&euro;Current price is: 24.50&euro;. Select options -50% Off Select options Quick View T-Shirt Linha Fan 35.00&euro; Original price was: 35.00&euro;.17.50&euro;Current price is: 17.50&euro;. Select options&hellip;","protected":false},"author":1,"featured_media":25417,"parent":0,"menu_order":7,"comment_status":"closed","ping_status":"closed","template":"page-wide.php","meta":{"_acf_changed":false,"footnotes":""},"class_list":["post-29340","page","type-page","status-publish","has-post-thumbnail","hentry"],"acf":[],"yoast_head":"<!-- This site is optimized with the Yoast SEO plugin v27.1.1 - https:\/\/yoast.com\/product\/yoast-seo-wordpress\/ -->\n<title>Season 2024\/25 - FC Famalic\u00e3o<\/title>\n<meta name=\"robots\" content=\"index, follow, max-snippet:-1, max-image-preview:large, max-video-preview:-1\" \/>\n<link rel=\"canonical\" href=\"https:\/\/www.fcfamalicao.pt\/en\/season-2024-25\/\" \/>\n<meta property=\"og:locale\" content=\"en_US\" \/>\n<meta property=\"og:type\" content=\"article\" \/>\n<meta property=\"og:title\" content=\"Season 2024\/25 - FC Famalic\u00e3o\" \/>\n<meta property=\"og:url\" content=\"https:\/\/www.fcfamalicao.pt\/en\/season-2024-25\/\" \/>\n<meta property=\"og:site_name\" content=\"FC Famalic\u00e3o\" \/>\n<meta property=\"article:publisher\" content=\"https:\/\/www.facebook.com\/FCFamalicao\/\" \/>\n<meta property=\"article:modified_time\" content=\"2026-03-05T16:27:27+00:00\" \/>\n<meta property=\"og:image\" content=\"https:\/\/www.fcfamalicao.pt\/wp-content\/uploads\/2023\/01\/banner_loja-1024x473.jpg\" \/>\n\t<meta property=\"og:image:width\" content=\"1024\" \/>\n\t<meta property=\"og:image:height\" content=\"473\" \/>\n\t<meta property=\"og:image:type\" content=\"image\/jpeg\" \/>\n<meta name=\"twitter:card\" content=\"summary_large_image\" \/>\n<meta name=\"twitter:site\" content=\"@fcf1931_oficial\" \/>\n<meta name=\"twitter:label1\" content=\"Est. reading time\" \/>\n\t<meta name=\"twitter:data1\" content=\"1 minute\" \/>\n<script type=\"application\/ld+json\" class=\"yoast-schema-graph\">{\"@context\":\"https:\/\/schema.org\",\"@graph\":[{\"@type\":\"WebPage\",\"@id\":\"https:\/\/www.fcfamalicao.pt\/en\/season-2024-25\/\",\"url\":\"https:\/\/www.fcfamalicao.pt\/en\/season-2024-25\/\",\"name\":\"Season 2024\/25 - FC Famalic\u00e3o\",\"isPartOf\":{\"@id\":\"https:\/\/www.fcfamalicao.pt\/en\/#website\"},\"primaryImageOfPage\":{\"@id\":\"https:\/\/www.fcfamalicao.pt\/en\/season-2024-25\/#primaryimage\"},\"image\":{\"@id\":\"https:\/\/www.fcfamalicao.pt\/en\/season-2024-25\/#primaryimage\"},\"thumbnailUrl\":\"https:\/\/www.fcfamalicao.pt\/wp-content\/uploads\/2023\/01\/banner_loja.jpg\",\"datePublished\":\"2023-07-21T17:51:42+00:00\",\"dateModified\":\"2026-03-05T16:27:27+00:00\",\"breadcrumb\":{\"@id\":\"https:\/\/www.fcfamalicao.pt\/en\/season-2024-25\/#breadcrumb\"},\"inLanguage\":\"en-US\",\"potentialAction\":[{\"@type\":\"ReadAction\",\"target\":[\"https:\/\/www.fcfamalicao.pt\/en\/season-2024-25\/\"]}]},{\"@type\":\"ImageObject\",\"inLanguage\":\"en-US\",\"@id\":\"https:\/\/www.fcfamalicao.pt\/en\/season-2024-25\/#primaryimage\",\"url\":\"https:\/\/www.fcfamalicao.pt\/wp-content\/uploads\/2023\/01\/banner_loja.jpg\",\"contentUrl\":\"https:\/\/www.fcfamalicao.pt\/wp-content\/uploads\/2023\/01\/banner_loja.jpg\",\"width\":1920,\"height\":887},{\"@type\":\"BreadcrumbList\",\"@id\":\"https:\/\/www.fcfamalicao.pt\/en\/season-2024-25\/#breadcrumb\",\"itemListElement\":[{\"@type\":\"ListItem\",\"position\":1,\"name\":\"Home\",\"item\":\"https:\/\/www.fcfamalicao.pt\/en\/\"},{\"@type\":\"ListItem\",\"position\":2,\"name\":\"Season 2024\/25\"}]},{\"@type\":\"WebSite\",\"@id\":\"https:\/\/www.fcfamalicao.pt\/en\/#website\",\"url\":\"https:\/\/www.fcfamalicao.pt\/en\/\",\"name\":\"FC Famalic\u00e3o\",\"description\":\"Site oficial do Futebol Clube Famalic\u00e3o. #AMORDEPERDI\u00c7\u00c3O\",\"publisher\":{\"@id\":\"https:\/\/www.fcfamalicao.pt\/en\/#organization\"},\"potentialAction\":[{\"@type\":\"SearchAction\",\"target\":{\"@type\":\"EntryPoint\",\"urlTemplate\":\"https:\/\/www.fcfamalicao.pt\/en\/?s={search_term_string}\"},\"query-input\":{\"@type\":\"PropertyValueSpecification\",\"valueRequired\":true,\"valueName\":\"search_term_string\"}}],\"inLanguage\":\"en-US\"},{\"@type\":\"Organization\",\"@id\":\"https:\/\/www.fcfamalicao.pt\/en\/#organization\",\"name\":\"FC Famalic\u00e3o\",\"url\":\"https:\/\/www.fcfamalicao.pt\/en\/\",\"logo\":{\"@type\":\"ImageObject\",\"inLanguage\":\"en-US\",\"@id\":\"https:\/\/www.fcfamalicao.pt\/en\/#\/schema\/logo\/image\/\",\"url\":\"https:\/\/www.fcfamalicao.pt\/wp-content\/uploads\/2018\/11\/fcf-logo.png\",\"contentUrl\":\"https:\/\/www.fcfamalicao.pt\/wp-content\/uploads\/2018\/11\/fcf-logo.png\",\"width\":150,\"height\":143,\"caption\":\"FC Famalic\u00e3o\"},\"image\":{\"@id\":\"https:\/\/www.fcfamalicao.pt\/en\/#\/schema\/logo\/image\/\"},\"sameAs\":[\"https:\/\/www.facebook.com\/FCFamalicao\/\",\"https:\/\/x.com\/fcf1931_oficial\",\"https:\/\/www.instagram.com\/futebolclubefamalicao\/\",\"https:\/\/www.youtube.com\/FCFamalicao1931\"]}]}<\/script>\n<!-- \/ Yoast SEO plugin. -->","yoast_head_json":{"title":"Season 2024\/25 - FC Famalic\u00e3o","robots":{"index":"index","follow":"follow","max-snippet":"max-snippet:-1","max-image-preview":"max-image-preview:large","max-video-preview":"max-video-preview:-1"},"canonical":"https:\/\/www.fcfamalicao.pt\/en\/season-2024-25\/","og_locale":"en_US","og_type":"article","og_title":"Season 2024\/25 - FC Famalic\u00e3o","og_url":"https:\/\/www.fcfamalicao.pt\/en\/season-2024-25\/","og_site_name":"FC Famalic\u00e3o","article_publisher":"https:\/\/www.facebook.com\/FCFamalicao\/","article_modified_time":"2026-03-05T16:27:27+00:00","og_image":[{"width":1024,"height":473,"url":"https:\/\/www.fcfamalicao.pt\/wp-content\/uploads\/2023\/01\/banner_loja-1024x473.jpg","type":"image\/jpeg"}],"twitter_card":"summary_large_image","twitter_site":"@fcf1931_oficial","twitter_misc":{"Est. reading time":"1 minute"},"schema":{"@context":"https:\/\/schema.org","@graph":[{"@type":"WebPage","@id":"https:\/\/www.fcfamalicao.pt\/en\/season-2024-25\/","url":"https:\/\/www.fcfamalicao.pt\/en\/season-2024-25\/","name":"Season 2024\/25 - FC Famalic\u00e3o","isPartOf":{"@id":"https:\/\/www.fcfamalicao.pt\/en\/#website"},"primaryImageOfPage":{"@id":"https:\/\/www.fcfamalicao.pt\/en\/season-2024-25\/#primaryimage"},"image":{"@id":"https:\/\/www.fcfamalicao.pt\/en\/season-2024-25\/#primaryimage"},"thumbnailUrl":"https:\/\/www.fcfamalicao.pt\/wp-content\/uploads\/2023\/01\/banner_loja.jpg","datePublished":"2023-07-21T17:51:42+00:00","dateModified":"2026-03-05T16:27:27+00:00","breadcrumb":{"@id":"https:\/\/www.fcfamalicao.pt\/en\/season-2024-25\/#breadcrumb"},"inLanguage":"en-US","potentialAction":[{"@type":"ReadAction","target":["https:\/\/www.fcfamalicao.pt\/en\/season-2024-25\/"]}]},{"@type":"ImageObject","inLanguage":"en-US","@id":"https:\/\/www.fcfamalicao.pt\/en\/season-2024-25\/#primaryimage","url":"https:\/\/www.fcfamalicao.pt\/wp-content\/uploads\/2023\/01\/banner_loja.jpg","contentUrl":"https:\/\/www.fcfamalicao.pt\/wp-content\/uploads\/2023\/01\/banner_loja.jpg","width":1920,"height":887},{"@type":"BreadcrumbList","@id":"https:\/\/www.fcfamalicao.pt\/en\/season-2024-25\/#breadcrumb","itemListElement":[{"@type":"ListItem","position":1,"name":"Home","item":"https:\/\/www.fcfamalicao.pt\/en\/"},{"@type":"ListItem","position":2,"name":"Season 2024\/25"}]},{"@type":"WebSite","@id":"https:\/\/www.fcfamalicao.pt\/en\/#website","url":"https:\/\/www.fcfamalicao.pt\/en\/","name":"FC Famalic\u00e3o","description":"Site oficial do Futebol Clube Famalic\u00e3o. #AMORDEPERDI\u00c7\u00c3O","publisher":{"@id":"https:\/\/www.fcfamalicao.pt\/en\/#organization"},"potentialAction":[{"@type":"SearchAction","target":{"@type":"EntryPoint","urlTemplate":"https:\/\/www.fcfamalicao.pt\/en\/?s={search_term_string}"},"query-input":{"@type":"PropertyValueSpecification","valueRequired":true,"valueName":"search_term_string"}}],"inLanguage":"en-US"},{"@type":"Organization","@id":"https:\/\/www.fcfamalicao.pt\/en\/#organization","name":"FC Famalic\u00e3o","url":"https:\/\/www.fcfamalicao.pt\/en\/","logo":{"@type":"ImageObject","inLanguage":"en-US","@id":"https:\/\/www.fcfamalicao.pt\/en\/#\/schema\/logo\/image\/","url":"https:\/\/www.fcfamalicao.pt\/wp-content\/uploads\/2018\/11\/fcf-logo.png","contentUrl":"https:\/\/www.fcfamalicao.pt\/wp-content\/uploads\/2018\/11\/fcf-logo.png","width":150,"height":143,"caption":"FC Famalic\u00e3o"},"image":{"@id":"https:\/\/www.fcfamalicao.pt\/en\/#\/schema\/logo\/image\/"},"sameAs":["https:\/\/www.facebook.com\/FCFamalicao\/","https:\/\/x.com\/fcf1931_oficial","https:\/\/www.instagram.com\/futebolclubefamalicao\/","https:\/\/www.youtube.com\/FCFamalicao1931"]}]}},"_links":{"self":[{"href":"https:\/\/www.fcfamalicao.pt\/en\/wp-json\/wp\/v2\/pages\/29340","targetHints":{"allow":["GET"]}}],"collection":[{"href":"https:\/\/www.fcfamalicao.pt\/en\/wp-json\/wp\/v2\/pages"}],"about":[{"href":"https:\/\/www.fcfamalicao.pt\/en\/wp-json\/wp\/v2\/types\/page"}],"author":[{"embeddable":true,"href":"https:\/\/www.fcfamalicao.pt\/en\/wp-json\/wp\/v2\/users\/1"}],"replies":[{"embeddable":true,"href":"https:\/\/www.fcfamalicao.pt\/en\/wp-json\/wp\/v2\/comments?post=29340"}],"version-history":[{"count":2,"href":"https:\/\/www.fcfamalicao.pt\/en\/wp-json\/wp\/v2\/pages\/29340\/revisions"}],"predecessor-version":[{"id":55644,"href":"https:\/\/www.fcfamalicao.pt\/en\/wp-json\/wp\/v2\/pages\/29340\/revisions\/55644"}],"wp:featuredmedia":[{"embeddable":true,"href":"https:\/\/www.fcfamalicao.pt\/en\/wp-json\/wp\/v2\/media\/25417"}],"wp:attachment":[{"href":"https:\/\/www.fcfamalicao.pt\/en\/wp-json\/wp\/v2\/media?parent=29340"}],"curies":[{"name":"wp","href":"https:\/\/api.w.org\/{rel}","templated":true}]}}