{"id":55701,"date":"2024-09-30T18:15:43","date_gmt":"2024-09-30T17:15:43","guid":{"rendered":"https:\/\/www.fcfamalicao.pt\/plantel-futsal\/"},"modified":"2026-03-06T09:45:26","modified_gmt":"2026-03-06T09:45:26","slug":"plantel-futsal","status":"publish","type":"page","link":"https:\/\/www.fcfamalicao.pt\/en\/modalidades\/futsal\/plantel-futsal\/","title":{"rendered":"Plantel Futsal"},"content":{"rendered":"<div class=\"sportspress\">\n\t\t<div id='sp-player-gallery-46785' class='gallery galleryid-46785 gallery-columns-3 gallery-size-sportspress-crop-big'>\t<div class=\"sp-template sp-template-player-gallery sp-template-gallery\"><div class=\"sp-player-gallery-wrapper sp-gallery-wrapper\"><dl class='gallery-item'><dt class='gallery-icon portrait has-festejo'><a href=\"https:\/\/www.fcfamalicao.pt\/en\/player\/paulo-pereira\/\"><img loading=\"lazy\" decoding=\"async\" width=\"1024\" height=\"1280\" src=\"https:\/\/www.fcfamalicao.pt\/wp-content\/uploads\/2025\/10\/Paulo-Pereira_Easy-Resize.com_.jpg\" class=\"attachment-sportspress-crop-big size-sportspress-crop-big wp-post-image\" alt=\"\" srcset=\"https:\/\/www.fcfamalicao.pt\/wp-content\/uploads\/2025\/10\/Paulo-Pereira_Easy-Resize.com_.jpg 1024w, https:\/\/www.fcfamalicao.pt\/wp-content\/uploads\/2025\/10\/Paulo-Pereira_Easy-Resize.com_-240x300.jpg 240w, https:\/\/www.fcfamalicao.pt\/wp-content\/uploads\/2025\/10\/Paulo-Pereira_Easy-Resize.com_-819x1024.jpg 819w, https:\/\/www.fcfamalicao.pt\/wp-content\/uploads\/2025\/10\/Paulo-Pereira_Easy-Resize.com_-768x960.jpg 768w, https:\/\/www.fcfamalicao.pt\/wp-content\/uploads\/2025\/10\/Paulo-Pereira_Easy-Resize.com_-102x128.jpg 102w, https:\/\/www.fcfamalicao.pt\/wp-content\/uploads\/2025\/10\/Paulo-Pereira_Easy-Resize.com_-26x32.jpg 26w, https:\/\/www.fcfamalicao.pt\/wp-content\/uploads\/2025\/10\/Paulo-Pereira_Easy-Resize.com_-120x150.jpg 120w, https:\/\/www.fcfamalicao.pt\/wp-content\/uploads\/2025\/10\/Paulo-Pereira_Easy-Resize.com_-900x1125.jpg 900w\" sizes=\"auto, (max-width: 1024px) 100vw, 1024px\" \/><\/a><div class='festejo'><a href=https:\/\/www.fcfamalicao.pt\/en\/player\/paulo-pereira\/><img src='https:\/\/www.fcfamalicao.pt\/wp-content\/uploads\/2025\/10\/Paulo-Pereira_Golo_Easy-Resize.com_.jpg' alt='' \/><\/a><\/div><\/dt><dd class=\"wp-caption-text gallery-caption small-3 columns has-number\"><div class=\"textnumberblue\">\n\t\t\t\t\t<div class=\"socialmediaplayer\"><\/div>\n\t\t\t\t<\/div>\n\t\t\t\t<div class=\"azulclaro\"><\/div>\n\t\t\t\t<div class=\"textnumberdiv\">\n\t\t\t\t\t<div class=\"textnumber\">1<\/div>\n\t\t\t\t<\/div> <div class=\"textname\">Paulo Pereira<\/div><\/dd><\/dl><dl class='gallery-item'><dt class='gallery-icon portrait has-festejo'><a href=\"https:\/\/www.fcfamalicao.pt\/en\/player\/diogo-tavares\/\"><img loading=\"lazy\" decoding=\"async\" width=\"1024\" height=\"1280\" src=\"https:\/\/www.fcfamalicao.pt\/wp-content\/uploads\/2024\/10\/Diogo-Tavares_Easy-Resize.com_-1.jpg\" class=\"attachment-sportspress-crop-big size-sportspress-crop-big wp-post-image\" alt=\"\" srcset=\"https:\/\/www.fcfamalicao.pt\/wp-content\/uploads\/2024\/10\/Diogo-Tavares_Easy-Resize.com_-1.jpg 1024w, https:\/\/www.fcfamalicao.pt\/wp-content\/uploads\/2024\/10\/Diogo-Tavares_Easy-Resize.com_-1-240x300.jpg 240w, https:\/\/www.fcfamalicao.pt\/wp-content\/uploads\/2024\/10\/Diogo-Tavares_Easy-Resize.com_-1-819x1024.jpg 819w, https:\/\/www.fcfamalicao.pt\/wp-content\/uploads\/2024\/10\/Diogo-Tavares_Easy-Resize.com_-1-768x960.jpg 768w, https:\/\/www.fcfamalicao.pt\/wp-content\/uploads\/2024\/10\/Diogo-Tavares_Easy-Resize.com_-1-102x128.jpg 102w, https:\/\/www.fcfamalicao.pt\/wp-content\/uploads\/2024\/10\/Diogo-Tavares_Easy-Resize.com_-1-26x32.jpg 26w, https:\/\/www.fcfamalicao.pt\/wp-content\/uploads\/2024\/10\/Diogo-Tavares_Easy-Resize.com_-1-120x150.jpg 120w, https:\/\/www.fcfamalicao.pt\/wp-content\/uploads\/2024\/10\/Diogo-Tavares_Easy-Resize.com_-1-900x1125.jpg 900w\" sizes=\"auto, (max-width: 1024px) 100vw, 1024px\" \/><\/a><div class='festejo'><a href=https:\/\/www.fcfamalicao.pt\/en\/player\/diogo-tavares\/><img src='https:\/\/www.fcfamalicao.pt\/wp-content\/uploads\/2024\/10\/Diogo-Tavares_Golo_Easy-Resize.com_.jpg' alt='' \/><\/a><\/div><\/dt><dd class=\"wp-caption-text gallery-caption small-3 columns has-number\"><div class=\"textnumberblue\">\n\t\t\t\t\t<div class=\"socialmediaplayer\"><\/div>\n\t\t\t\t<\/div>\n\t\t\t\t<div class=\"azulclaro\"><\/div>\n\t\t\t\t<div class=\"textnumberdiv\">\n\t\t\t\t\t<div class=\"textnumber\">3<\/div>\n\t\t\t\t<\/div> <div class=\"textname\">Diogo Tavares<\/div><\/dd><\/dl><dl class='gallery-item'><dt class='gallery-icon portrait has-festejo'><a href=\"https:\/\/www.fcfamalicao.pt\/en\/player\/douglas-risi\/\"><img loading=\"lazy\" decoding=\"async\" width=\"1024\" height=\"1280\" src=\"https:\/\/www.fcfamalicao.pt\/wp-content\/uploads\/2025\/10\/Risi_Easy-Resize.com_.jpg\" class=\"attachment-sportspress-crop-big size-sportspress-crop-big wp-post-image\" alt=\"\" srcset=\"https:\/\/www.fcfamalicao.pt\/wp-content\/uploads\/2025\/10\/Risi_Easy-Resize.com_.jpg 1024w, https:\/\/www.fcfamalicao.pt\/wp-content\/uploads\/2025\/10\/Risi_Easy-Resize.com_-240x300.jpg 240w, https:\/\/www.fcfamalicao.pt\/wp-content\/uploads\/2025\/10\/Risi_Easy-Resize.com_-819x1024.jpg 819w, https:\/\/www.fcfamalicao.pt\/wp-content\/uploads\/2025\/10\/Risi_Easy-Resize.com_-768x960.jpg 768w, https:\/\/www.fcfamalicao.pt\/wp-content\/uploads\/2025\/10\/Risi_Easy-Resize.com_-102x128.jpg 102w, https:\/\/www.fcfamalicao.pt\/wp-content\/uploads\/2025\/10\/Risi_Easy-Resize.com_-26x32.jpg 26w, https:\/\/www.fcfamalicao.pt\/wp-content\/uploads\/2025\/10\/Risi_Easy-Resize.com_-120x150.jpg 120w, https:\/\/www.fcfamalicao.pt\/wp-content\/uploads\/2025\/10\/Risi_Easy-Resize.com_-900x1125.jpg 900w\" sizes=\"auto, (max-width: 1024px) 100vw, 1024px\" \/><\/a><div class='festejo'><a href=https:\/\/www.fcfamalicao.pt\/en\/player\/douglas-risi\/><img src='https:\/\/www.fcfamalicao.pt\/wp-content\/uploads\/2025\/10\/Risi_Golo_Easy-Resize.com_.jpg' alt='' \/><\/a><\/div><\/dt><dd class=\"wp-caption-text gallery-caption small-3 columns has-number\"><div class=\"textnumberblue\">\n\t\t\t\t\t<div class=\"socialmediaplayer\"><\/div>\n\t\t\t\t<\/div>\n\t\t\t\t<div class=\"azulclaro\"><\/div>\n\t\t\t\t<div class=\"textnumberdiv\">\n\t\t\t\t\t<div class=\"textnumber\">6<\/div>\n\t\t\t\t<\/div> <div class=\"textname\">Douglas Risi<\/div><\/dd><\/dl><dl class='gallery-item'><dt class='gallery-icon portrait has-festejo'><a href=\"https:\/\/www.fcfamalicao.pt\/en\/player\/vieira\/\"><img loading=\"lazy\" decoding=\"async\" width=\"1024\" height=\"1280\" src=\"https:\/\/www.fcfamalicao.pt\/wp-content\/uploads\/2024\/10\/Vieira_Easy-Resize.com_.jpg\" class=\"attachment-sportspress-crop-big size-sportspress-crop-big wp-post-image\" alt=\"\" srcset=\"https:\/\/www.fcfamalicao.pt\/wp-content\/uploads\/2024\/10\/Vieira_Easy-Resize.com_.jpg 1024w, https:\/\/www.fcfamalicao.pt\/wp-content\/uploads\/2024\/10\/Vieira_Easy-Resize.com_-240x300.jpg 240w, https:\/\/www.fcfamalicao.pt\/wp-content\/uploads\/2024\/10\/Vieira_Easy-Resize.com_-819x1024.jpg 819w, https:\/\/www.fcfamalicao.pt\/wp-content\/uploads\/2024\/10\/Vieira_Easy-Resize.com_-768x960.jpg 768w, https:\/\/www.fcfamalicao.pt\/wp-content\/uploads\/2024\/10\/Vieira_Easy-Resize.com_-102x128.jpg 102w, https:\/\/www.fcfamalicao.pt\/wp-content\/uploads\/2024\/10\/Vieira_Easy-Resize.com_-26x32.jpg 26w, https:\/\/www.fcfamalicao.pt\/wp-content\/uploads\/2024\/10\/Vieira_Easy-Resize.com_-120x150.jpg 120w, https:\/\/www.fcfamalicao.pt\/wp-content\/uploads\/2024\/10\/Vieira_Easy-Resize.com_-900x1125.jpg 900w\" sizes=\"auto, (max-width: 1024px) 100vw, 1024px\" \/><\/a><div class='festejo'><a href=https:\/\/www.fcfamalicao.pt\/en\/player\/vieira\/><img src='https:\/\/www.fcfamalicao.pt\/wp-content\/uploads\/2024\/10\/Vieira_Golo_Easy-Resize.com_.jpg' alt='' \/><\/a><\/div><\/dt><dd class=\"wp-caption-text gallery-caption small-3 columns has-number\"><div class=\"textnumberblue\">\n\t\t\t\t\t<div class=\"socialmediaplayer\"><\/div>\n\t\t\t\t<\/div>\n\t\t\t\t<div class=\"azulclaro\"><\/div>\n\t\t\t\t<div class=\"textnumberdiv\">\n\t\t\t\t\t<div class=\"textnumber\">7<\/div>\n\t\t\t\t<\/div> <div class=\"textname\">Vieira<\/div><\/dd><\/dl><dl class='gallery-item'><dt class='gallery-icon portrait has-festejo'><a href=\"https:\/\/www.fcfamalicao.pt\/en\/player\/alan-gitahy\/\"><img loading=\"lazy\" decoding=\"async\" width=\"1024\" height=\"1280\" src=\"https:\/\/www.fcfamalicao.pt\/wp-content\/uploads\/2025\/10\/Gitahy_Easy-Resize.com_.jpg\" class=\"attachment-sportspress-crop-big size-sportspress-crop-big wp-post-image\" alt=\"\" srcset=\"https:\/\/www.fcfamalicao.pt\/wp-content\/uploads\/2025\/10\/Gitahy_Easy-Resize.com_.jpg 1024w, https:\/\/www.fcfamalicao.pt\/wp-content\/uploads\/2025\/10\/Gitahy_Easy-Resize.com_-240x300.jpg 240w, https:\/\/www.fcfamalicao.pt\/wp-content\/uploads\/2025\/10\/Gitahy_Easy-Resize.com_-819x1024.jpg 819w, https:\/\/www.fcfamalicao.pt\/wp-content\/uploads\/2025\/10\/Gitahy_Easy-Resize.com_-768x960.jpg 768w, https:\/\/www.fcfamalicao.pt\/wp-content\/uploads\/2025\/10\/Gitahy_Easy-Resize.com_-102x128.jpg 102w, https:\/\/www.fcfamalicao.pt\/wp-content\/uploads\/2025\/10\/Gitahy_Easy-Resize.com_-26x32.jpg 26w, https:\/\/www.fcfamalicao.pt\/wp-content\/uploads\/2025\/10\/Gitahy_Easy-Resize.com_-120x150.jpg 120w, https:\/\/www.fcfamalicao.pt\/wp-content\/uploads\/2025\/10\/Gitahy_Easy-Resize.com_-900x1125.jpg 900w\" sizes=\"auto, (max-width: 1024px) 100vw, 1024px\" \/><\/a><div class='festejo'><a href=https:\/\/www.fcfamalicao.pt\/en\/player\/alan-gitahy\/><img src='https:\/\/www.fcfamalicao.pt\/wp-content\/uploads\/2025\/10\/Gitahy_Golo_Easy-Resize.com_.jpg' alt='' \/><\/a><\/div><\/dt><dd class=\"wp-caption-text gallery-caption small-3 columns has-number\"><div class=\"textnumberblue\">\n\t\t\t\t\t<div class=\"socialmediaplayer\"><\/div>\n\t\t\t\t<\/div>\n\t\t\t\t<div class=\"azulclaro\"><\/div>\n\t\t\t\t<div class=\"textnumberdiv\">\n\t\t\t\t\t<div class=\"textnumber\">9<\/div>\n\t\t\t\t<\/div> <div class=\"textname\">Alan Gitahy<\/div><\/dd><\/dl><dl class='gallery-item'><dt class='gallery-icon portrait has-festejo'><a href=\"https:\/\/www.fcfamalicao.pt\/en\/player\/ruizinho\/\"><img loading=\"lazy\" decoding=\"async\" width=\"1024\" height=\"1280\" src=\"https:\/\/www.fcfamalicao.pt\/wp-content\/uploads\/2024\/10\/Ruizinho_Easy-Resize.com_.jpg\" class=\"attachment-sportspress-crop-big size-sportspress-crop-big wp-post-image\" alt=\"\" srcset=\"https:\/\/www.fcfamalicao.pt\/wp-content\/uploads\/2024\/10\/Ruizinho_Easy-Resize.com_.jpg 1024w, https:\/\/www.fcfamalicao.pt\/wp-content\/uploads\/2024\/10\/Ruizinho_Easy-Resize.com_-240x300.jpg 240w, https:\/\/www.fcfamalicao.pt\/wp-content\/uploads\/2024\/10\/Ruizinho_Easy-Resize.com_-819x1024.jpg 819w, https:\/\/www.fcfamalicao.pt\/wp-content\/uploads\/2024\/10\/Ruizinho_Easy-Resize.com_-768x960.jpg 768w, https:\/\/www.fcfamalicao.pt\/wp-content\/uploads\/2024\/10\/Ruizinho_Easy-Resize.com_-102x128.jpg 102w, https:\/\/www.fcfamalicao.pt\/wp-content\/uploads\/2024\/10\/Ruizinho_Easy-Resize.com_-26x32.jpg 26w, https:\/\/www.fcfamalicao.pt\/wp-content\/uploads\/2024\/10\/Ruizinho_Easy-Resize.com_-120x150.jpg 120w, https:\/\/www.fcfamalicao.pt\/wp-content\/uploads\/2024\/10\/Ruizinho_Easy-Resize.com_-900x1125.jpg 900w\" sizes=\"auto, (max-width: 1024px) 100vw, 1024px\" \/><\/a><div class='festejo'><a href=https:\/\/www.fcfamalicao.pt\/en\/player\/ruizinho\/><img src='https:\/\/www.fcfamalicao.pt\/wp-content\/uploads\/2024\/10\/Ruizinho_Golo_Easy-Resize.com_.jpg' alt='' \/><\/a><\/div><\/dt><dd class=\"wp-caption-text gallery-caption small-3 columns has-number\"><div class=\"textnumberblue\">\n\t\t\t\t\t<div class=\"socialmediaplayer\"><\/div>\n\t\t\t\t<\/div>\n\t\t\t\t<div class=\"azulclaro\"><\/div>\n\t\t\t\t<div class=\"textnumberdiv\">\n\t\t\t\t\t<div class=\"textnumber\">10<\/div>\n\t\t\t\t<\/div> <div class=\"textname\">Ruizinho<\/div><\/dd><\/dl><dl class='gallery-item'><dt class='gallery-icon portrait has-festejo'><a href=\"https:\/\/www.fcfamalicao.pt\/en\/player\/natan-minatti\/\"><img loading=\"lazy\" decoding=\"async\" width=\"1024\" height=\"1280\" src=\"https:\/\/www.fcfamalicao.pt\/wp-content\/uploads\/2025\/10\/Minatti_Easy-Resize.com_.jpg\" class=\"attachment-sportspress-crop-big size-sportspress-crop-big wp-post-image\" alt=\"\" srcset=\"https:\/\/www.fcfamalicao.pt\/wp-content\/uploads\/2025\/10\/Minatti_Easy-Resize.com_.jpg 1024w, https:\/\/www.fcfamalicao.pt\/wp-content\/uploads\/2025\/10\/Minatti_Easy-Resize.com_-240x300.jpg 240w, https:\/\/www.fcfamalicao.pt\/wp-content\/uploads\/2025\/10\/Minatti_Easy-Resize.com_-819x1024.jpg 819w, https:\/\/www.fcfamalicao.pt\/wp-content\/uploads\/2025\/10\/Minatti_Easy-Resize.com_-768x960.jpg 768w, https:\/\/www.fcfamalicao.pt\/wp-content\/uploads\/2025\/10\/Minatti_Easy-Resize.com_-102x128.jpg 102w, https:\/\/www.fcfamalicao.pt\/wp-content\/uploads\/2025\/10\/Minatti_Easy-Resize.com_-26x32.jpg 26w, https:\/\/www.fcfamalicao.pt\/wp-content\/uploads\/2025\/10\/Minatti_Easy-Resize.com_-120x150.jpg 120w, https:\/\/www.fcfamalicao.pt\/wp-content\/uploads\/2025\/10\/Minatti_Easy-Resize.com_-900x1125.jpg 900w\" sizes=\"auto, (max-width: 1024px) 100vw, 1024px\" \/><\/a><div class='festejo'><a href=https:\/\/www.fcfamalicao.pt\/en\/player\/natan-minatti\/><img src='https:\/\/www.fcfamalicao.pt\/wp-content\/uploads\/2025\/10\/Minatti_Golo_Easy-Resize.com_.jpg' alt='' \/><\/a><\/div><\/dt><dd class=\"wp-caption-text gallery-caption small-3 columns has-number\"><div class=\"textnumberblue\">\n\t\t\t\t\t<div class=\"socialmediaplayer\"><\/div>\n\t\t\t\t<\/div>\n\t\t\t\t<div class=\"azulclaro\"><\/div>\n\t\t\t\t<div class=\"textnumberdiv\">\n\t\t\t\t\t<div class=\"textnumber\">11<\/div>\n\t\t\t\t<\/div> <div class=\"textname\">Natan Minatti<\/div><\/dd><\/dl><dl class='gallery-item'><dt class='gallery-icon portrait has-festejo'><a href=\"https:\/\/www.fcfamalicao.pt\/en\/player\/amilcar-gomes\/\"><img loading=\"lazy\" decoding=\"async\" width=\"1024\" height=\"1280\" src=\"https:\/\/www.fcfamalicao.pt\/wp-content\/uploads\/2024\/10\/Amilcar_Easy-Resize.com_.jpg\" class=\"attachment-sportspress-crop-big size-sportspress-crop-big wp-post-image\" alt=\"\" srcset=\"https:\/\/www.fcfamalicao.pt\/wp-content\/uploads\/2024\/10\/Amilcar_Easy-Resize.com_.jpg 1024w, https:\/\/www.fcfamalicao.pt\/wp-content\/uploads\/2024\/10\/Amilcar_Easy-Resize.com_-240x300.jpg 240w, https:\/\/www.fcfamalicao.pt\/wp-content\/uploads\/2024\/10\/Amilcar_Easy-Resize.com_-819x1024.jpg 819w, https:\/\/www.fcfamalicao.pt\/wp-content\/uploads\/2024\/10\/Amilcar_Easy-Resize.com_-768x960.jpg 768w, https:\/\/www.fcfamalicao.pt\/wp-content\/uploads\/2024\/10\/Amilcar_Easy-Resize.com_-102x128.jpg 102w, https:\/\/www.fcfamalicao.pt\/wp-content\/uploads\/2024\/10\/Amilcar_Easy-Resize.com_-26x32.jpg 26w, https:\/\/www.fcfamalicao.pt\/wp-content\/uploads\/2024\/10\/Amilcar_Easy-Resize.com_-120x150.jpg 120w, https:\/\/www.fcfamalicao.pt\/wp-content\/uploads\/2024\/10\/Amilcar_Easy-Resize.com_-900x1125.jpg 900w\" sizes=\"auto, (max-width: 1024px) 100vw, 1024px\" \/><\/a><div class='festejo'><a href=https:\/\/www.fcfamalicao.pt\/en\/player\/amilcar-gomes\/><img src='https:\/\/www.fcfamalicao.pt\/wp-content\/uploads\/2024\/10\/Amilcar_Golo_Easy-Resize.com_.jpg' alt='' \/><\/a><\/div><\/dt><dd class=\"wp-caption-text gallery-caption small-3 columns has-number\"><div class=\"textnumberblue\">\n\t\t\t\t\t<div class=\"socialmediaplayer\"><\/div>\n\t\t\t\t<\/div>\n\t\t\t\t<div class=\"azulclaro\"><\/div>\n\t\t\t\t<div class=\"textnumberdiv\">\n\t\t\t\t\t<div class=\"textnumber\">12<\/div>\n\t\t\t\t<\/div> <div class=\"textname\">Am\u00edlcar Gomes<\/div><\/dd><\/dl><dl class='gallery-item'><dt class='gallery-icon portrait has-festejo'><a href=\"https:\/\/www.fcfamalicao.pt\/en\/player\/claudio-carvalho\/\"><img loading=\"lazy\" decoding=\"async\" width=\"1024\" height=\"1280\" src=\"https:\/\/www.fcfamalicao.pt\/wp-content\/uploads\/2024\/10\/Claudio_Easy-Resize.com_.jpg\" class=\"attachment-sportspress-crop-big size-sportspress-crop-big wp-post-image\" alt=\"\" srcset=\"https:\/\/www.fcfamalicao.pt\/wp-content\/uploads\/2024\/10\/Claudio_Easy-Resize.com_.jpg 1024w, https:\/\/www.fcfamalicao.pt\/wp-content\/uploads\/2024\/10\/Claudio_Easy-Resize.com_-240x300.jpg 240w, https:\/\/www.fcfamalicao.pt\/wp-content\/uploads\/2024\/10\/Claudio_Easy-Resize.com_-819x1024.jpg 819w, https:\/\/www.fcfamalicao.pt\/wp-content\/uploads\/2024\/10\/Claudio_Easy-Resize.com_-768x960.jpg 768w, https:\/\/www.fcfamalicao.pt\/wp-content\/uploads\/2024\/10\/Claudio_Easy-Resize.com_-102x128.jpg 102w, https:\/\/www.fcfamalicao.pt\/wp-content\/uploads\/2024\/10\/Claudio_Easy-Resize.com_-26x32.jpg 26w, https:\/\/www.fcfamalicao.pt\/wp-content\/uploads\/2024\/10\/Claudio_Easy-Resize.com_-120x150.jpg 120w, https:\/\/www.fcfamalicao.pt\/wp-content\/uploads\/2024\/10\/Claudio_Easy-Resize.com_-900x1125.jpg 900w\" sizes=\"auto, (max-width: 1024px) 100vw, 1024px\" \/><\/a><div class='festejo'><a href=https:\/\/www.fcfamalicao.pt\/en\/player\/claudio-carvalho\/><img src='https:\/\/www.fcfamalicao.pt\/wp-content\/uploads\/2024\/10\/Claudio_Golo_Easy-Resize.com_.jpg' alt='' \/><\/a><\/div><\/dt><dd class=\"wp-caption-text gallery-caption small-3 columns has-number\"><div class=\"textnumberblue\">\n\t\t\t\t\t<div class=\"socialmediaplayer\"><\/div>\n\t\t\t\t<\/div>\n\t\t\t\t<div class=\"azulclaro\"><\/div>\n\t\t\t\t<div class=\"textnumberdiv\">\n\t\t\t\t\t<div class=\"textnumber\">14<\/div>\n\t\t\t\t<\/div> <div class=\"textname\">Cl\u00e1udio Carvalho<\/div><\/dd><\/dl><dl class='gallery-item'><dt class='gallery-icon portrait has-festejo'><a href=\"https:\/\/www.fcfamalicao.pt\/en\/player\/pereirinha\/\"><img loading=\"lazy\" decoding=\"async\" width=\"1024\" height=\"1280\" src=\"https:\/\/www.fcfamalicao.pt\/wp-content\/uploads\/2024\/10\/Pereirinha_Easy-Resize.com_.jpg\" class=\"attachment-sportspress-crop-big size-sportspress-crop-big wp-post-image\" alt=\"\" srcset=\"https:\/\/www.fcfamalicao.pt\/wp-content\/uploads\/2024\/10\/Pereirinha_Easy-Resize.com_.jpg 1024w, https:\/\/www.fcfamalicao.pt\/wp-content\/uploads\/2024\/10\/Pereirinha_Easy-Resize.com_-240x300.jpg 240w, https:\/\/www.fcfamalicao.pt\/wp-content\/uploads\/2024\/10\/Pereirinha_Easy-Resize.com_-819x1024.jpg 819w, https:\/\/www.fcfamalicao.pt\/wp-content\/uploads\/2024\/10\/Pereirinha_Easy-Resize.com_-768x960.jpg 768w, https:\/\/www.fcfamalicao.pt\/wp-content\/uploads\/2024\/10\/Pereirinha_Easy-Resize.com_-102x128.jpg 102w, https:\/\/www.fcfamalicao.pt\/wp-content\/uploads\/2024\/10\/Pereirinha_Easy-Resize.com_-26x32.jpg 26w, https:\/\/www.fcfamalicao.pt\/wp-content\/uploads\/2024\/10\/Pereirinha_Easy-Resize.com_-120x150.jpg 120w, https:\/\/www.fcfamalicao.pt\/wp-content\/uploads\/2024\/10\/Pereirinha_Easy-Resize.com_-900x1125.jpg 900w\" sizes=\"auto, (max-width: 1024px) 100vw, 1024px\" \/><\/a><div class='festejo'><a href=https:\/\/www.fcfamalicao.pt\/en\/player\/pereirinha\/><img src='https:\/\/www.fcfamalicao.pt\/wp-content\/uploads\/2024\/10\/Pereirinha_Golo_Easy-Resize.com_.jpg' alt='' \/><\/a><\/div><\/dt><dd class=\"wp-caption-text gallery-caption small-3 columns has-number\"><div class=\"textnumberblue\">\n\t\t\t\t\t<div class=\"socialmediaplayer\"><\/div>\n\t\t\t\t<\/div>\n\t\t\t\t<div class=\"azulclaro\"><\/div>\n\t\t\t\t<div class=\"textnumberdiv\">\n\t\t\t\t\t<div class=\"textnumber\">21<\/div>\n\t\t\t\t<\/div> <div class=\"textname\">Pereirinha<\/div><\/dd><\/dl><dl class='gallery-item'><dt class='gallery-icon portrait has-festejo'><a href=\"https:\/\/www.fcfamalicao.pt\/en\/player\/buzuzu\/\"><img loading=\"lazy\" decoding=\"async\" width=\"1024\" height=\"1280\" src=\"https:\/\/www.fcfamalicao.pt\/wp-content\/uploads\/2025\/10\/Buzuzu_Easy-Resize.com_.jpg\" class=\"attachment-sportspress-crop-big size-sportspress-crop-big wp-post-image\" alt=\"\" srcset=\"https:\/\/www.fcfamalicao.pt\/wp-content\/uploads\/2025\/10\/Buzuzu_Easy-Resize.com_.jpg 1024w, https:\/\/www.fcfamalicao.pt\/wp-content\/uploads\/2025\/10\/Buzuzu_Easy-Resize.com_-240x300.jpg 240w, https:\/\/www.fcfamalicao.pt\/wp-content\/uploads\/2025\/10\/Buzuzu_Easy-Resize.com_-819x1024.jpg 819w, https:\/\/www.fcfamalicao.pt\/wp-content\/uploads\/2025\/10\/Buzuzu_Easy-Resize.com_-768x960.jpg 768w, https:\/\/www.fcfamalicao.pt\/wp-content\/uploads\/2025\/10\/Buzuzu_Easy-Resize.com_-102x128.jpg 102w, https:\/\/www.fcfamalicao.pt\/wp-content\/uploads\/2025\/10\/Buzuzu_Easy-Resize.com_-26x32.jpg 26w, https:\/\/www.fcfamalicao.pt\/wp-content\/uploads\/2025\/10\/Buzuzu_Easy-Resize.com_-120x150.jpg 120w, https:\/\/www.fcfamalicao.pt\/wp-content\/uploads\/2025\/10\/Buzuzu_Easy-Resize.com_-900x1125.jpg 900w\" sizes=\"auto, (max-width: 1024px) 100vw, 1024px\" \/><\/a><div class='festejo'><a href=https:\/\/www.fcfamalicao.pt\/en\/player\/buzuzu\/><img src='https:\/\/www.fcfamalicao.pt\/wp-content\/uploads\/2025\/10\/Buzuzu_Golo_Easy-Resize.com_.jpg' alt='' \/><\/a><\/div><\/dt><dd class=\"wp-caption-text gallery-caption small-3 columns has-number\"><div class=\"textnumberblue\">\n\t\t\t\t\t<div class=\"socialmediaplayer\"><\/div>\n\t\t\t\t<\/div>\n\t\t\t\t<div class=\"azulclaro\"><\/div>\n\t\t\t\t<div class=\"textnumberdiv\">\n\t\t\t\t\t<div class=\"textnumber\">22<\/div>\n\t\t\t\t<\/div> <div class=\"textname\">Buzuzu<\/div><\/dd><\/dl><dl class='gallery-item'><dt class='gallery-icon portrait has-festejo'><a href=\"https:\/\/www.fcfamalicao.pt\/en\/player\/guilherme-oliveira\/\"><img loading=\"lazy\" decoding=\"async\" width=\"1024\" height=\"1280\" src=\"https:\/\/www.fcfamalicao.pt\/wp-content\/uploads\/2025\/02\/Gui_Easy-Resize.com_.jpg\" class=\"attachment-sportspress-crop-big size-sportspress-crop-big wp-post-image\" alt=\"\" srcset=\"https:\/\/www.fcfamalicao.pt\/wp-content\/uploads\/2025\/02\/Gui_Easy-Resize.com_.jpg 1024w, https:\/\/www.fcfamalicao.pt\/wp-content\/uploads\/2025\/02\/Gui_Easy-Resize.com_-240x300.jpg 240w, https:\/\/www.fcfamalicao.pt\/wp-content\/uploads\/2025\/02\/Gui_Easy-Resize.com_-819x1024.jpg 819w, https:\/\/www.fcfamalicao.pt\/wp-content\/uploads\/2025\/02\/Gui_Easy-Resize.com_-768x960.jpg 768w, https:\/\/www.fcfamalicao.pt\/wp-content\/uploads\/2025\/02\/Gui_Easy-Resize.com_-102x128.jpg 102w, https:\/\/www.fcfamalicao.pt\/wp-content\/uploads\/2025\/02\/Gui_Easy-Resize.com_-26x32.jpg 26w, https:\/\/www.fcfamalicao.pt\/wp-content\/uploads\/2025\/02\/Gui_Easy-Resize.com_-120x150.jpg 120w, https:\/\/www.fcfamalicao.pt\/wp-content\/uploads\/2025\/02\/Gui_Easy-Resize.com_-900x1125.jpg 900w\" sizes=\"auto, (max-width: 1024px) 100vw, 1024px\" \/><\/a><div class='festejo'><a href=https:\/\/www.fcfamalicao.pt\/en\/player\/guilherme-oliveira\/><img src='https:\/\/www.fcfamalicao.pt\/wp-content\/uploads\/2025\/02\/Gui_Golo_Easy-Resize.com_.jpg' alt='' \/><\/a><\/div><\/dt><dd class=\"wp-caption-text gallery-caption small-3 columns has-number\"><div class=\"textnumberblue\">\n\t\t\t\t\t<div class=\"socialmediaplayer\"><\/div>\n\t\t\t\t<\/div>\n\t\t\t\t<div class=\"azulclaro\"><\/div>\n\t\t\t\t<div class=\"textnumberdiv\">\n\t\t\t\t\t<div class=\"textnumber\">31<\/div>\n\t\t\t\t<\/div> <div class=\"textname\">Guilherme Oliveira<\/div><\/dd><\/dl><dl class='gallery-item'><dt class='gallery-icon portrait has-festejo'><a href=\"https:\/\/www.fcfamalicao.pt\/en\/player\/ciro\/\"><img loading=\"lazy\" decoding=\"async\" width=\"1024\" height=\"1280\" src=\"https:\/\/www.fcfamalicao.pt\/wp-content\/uploads\/2024\/10\/Ciro_Easy-Resize.com_.jpg\" class=\"attachment-sportspress-crop-big size-sportspress-crop-big wp-post-image\" alt=\"\" srcset=\"https:\/\/www.fcfamalicao.pt\/wp-content\/uploads\/2024\/10\/Ciro_Easy-Resize.com_.jpg 1024w, https:\/\/www.fcfamalicao.pt\/wp-content\/uploads\/2024\/10\/Ciro_Easy-Resize.com_-240x300.jpg 240w, https:\/\/www.fcfamalicao.pt\/wp-content\/uploads\/2024\/10\/Ciro_Easy-Resize.com_-819x1024.jpg 819w, https:\/\/www.fcfamalicao.pt\/wp-content\/uploads\/2024\/10\/Ciro_Easy-Resize.com_-768x960.jpg 768w, https:\/\/www.fcfamalicao.pt\/wp-content\/uploads\/2024\/10\/Ciro_Easy-Resize.com_-102x128.jpg 102w, https:\/\/www.fcfamalicao.pt\/wp-content\/uploads\/2024\/10\/Ciro_Easy-Resize.com_-26x32.jpg 26w, https:\/\/www.fcfamalicao.pt\/wp-content\/uploads\/2024\/10\/Ciro_Easy-Resize.com_-120x150.jpg 120w, https:\/\/www.fcfamalicao.pt\/wp-content\/uploads\/2024\/10\/Ciro_Easy-Resize.com_-900x1125.jpg 900w\" sizes=\"auto, (max-width: 1024px) 100vw, 1024px\" \/><\/a><div class='festejo'><a href=https:\/\/www.fcfamalicao.pt\/en\/player\/ciro\/><img src='https:\/\/www.fcfamalicao.pt\/wp-content\/uploads\/2024\/10\/Ciro_Golo_Easy-Resize.com_.jpg' alt='' \/><\/a><\/div><\/dt><dd class=\"wp-caption-text gallery-caption small-3 columns has-number\"><div class=\"textnumberblue\">\n\t\t\t\t\t<div class=\"socialmediaplayer\"><\/div>\n\t\t\t\t<\/div>\n\t\t\t\t<div class=\"azulclaro\"><\/div>\n\t\t\t\t<div class=\"textnumberdiv\">\n\t\t\t\t\t<div class=\"textnumber\">59<\/div>\n\t\t\t\t<\/div> <div class=\"textname\">Ciro<\/div><\/dd><\/dl><dl class='gallery-item'><dt class='gallery-icon portrait has-festejo'><a href=\"https:\/\/www.fcfamalicao.pt\/en\/player\/romario\/\"><img loading=\"lazy\" decoding=\"async\" width=\"1024\" height=\"1280\" src=\"https:\/\/www.fcfamalicao.pt\/wp-content\/uploads\/2024\/10\/Romario_Easy-Resize.com_.jpg\" class=\"attachment-sportspress-crop-big size-sportspress-crop-big wp-post-image\" alt=\"\" srcset=\"https:\/\/www.fcfamalicao.pt\/wp-content\/uploads\/2024\/10\/Romario_Easy-Resize.com_.jpg 1024w, https:\/\/www.fcfamalicao.pt\/wp-content\/uploads\/2024\/10\/Romario_Easy-Resize.com_-240x300.jpg 240w, https:\/\/www.fcfamalicao.pt\/wp-content\/uploads\/2024\/10\/Romario_Easy-Resize.com_-819x1024.jpg 819w, https:\/\/www.fcfamalicao.pt\/wp-content\/uploads\/2024\/10\/Romario_Easy-Resize.com_-768x960.jpg 768w, https:\/\/www.fcfamalicao.pt\/wp-content\/uploads\/2024\/10\/Romario_Easy-Resize.com_-102x128.jpg 102w, https:\/\/www.fcfamalicao.pt\/wp-content\/uploads\/2024\/10\/Romario_Easy-Resize.com_-26x32.jpg 26w, https:\/\/www.fcfamalicao.pt\/wp-content\/uploads\/2024\/10\/Romario_Easy-Resize.com_-120x150.jpg 120w, https:\/\/www.fcfamalicao.pt\/wp-content\/uploads\/2024\/10\/Romario_Easy-Resize.com_-900x1125.jpg 900w\" sizes=\"auto, (max-width: 1024px) 100vw, 1024px\" \/><\/a><div class='festejo'><a href=https:\/\/www.fcfamalicao.pt\/en\/player\/romario\/><img src='https:\/\/www.fcfamalicao.pt\/wp-content\/uploads\/2024\/10\/Romario_Golo_Easy-Resize.com_.jpg' alt='' \/><\/a><\/div><\/dt><dd class=\"wp-caption-text gallery-caption small-3 columns has-number\"><div class=\"textnumberblue\">\n\t\t\t\t\t<div class=\"socialmediaplayer\"><\/div>\n\t\t\t\t<\/div>\n\t\t\t\t<div class=\"azulclaro\"><\/div>\n\t\t\t\t<div class=\"textnumberdiv\">\n\t\t\t\t\t<div class=\"textnumber\">89<\/div>\n\t\t\t\t<\/div> <div class=\"textname\">Rom\u00e1rio<\/div><\/dd><\/dl><dl class='gallery-item'><dt class='gallery-icon portrait has-festejo'><a href=\"https:\/\/www.fcfamalicao.pt\/en\/player\/leandro-moreira-2\/\"><img loading=\"lazy\" decoding=\"async\" width=\"1024\" height=\"1280\" src=\"https:\/\/www.fcfamalicao.pt\/wp-content\/uploads\/2025\/10\/Leandro-Moreira_Easy-Resize.com_.jpg\" class=\"attachment-sportspress-crop-big size-sportspress-crop-big wp-post-image\" alt=\"\" srcset=\"https:\/\/www.fcfamalicao.pt\/wp-content\/uploads\/2025\/10\/Leandro-Moreira_Easy-Resize.com_.jpg 1024w, https:\/\/www.fcfamalicao.pt\/wp-content\/uploads\/2025\/10\/Leandro-Moreira_Easy-Resize.com_-240x300.jpg 240w, https:\/\/www.fcfamalicao.pt\/wp-content\/uploads\/2025\/10\/Leandro-Moreira_Easy-Resize.com_-819x1024.jpg 819w, https:\/\/www.fcfamalicao.pt\/wp-content\/uploads\/2025\/10\/Leandro-Moreira_Easy-Resize.com_-768x960.jpg 768w, https:\/\/www.fcfamalicao.pt\/wp-content\/uploads\/2025\/10\/Leandro-Moreira_Easy-Resize.com_-102x128.jpg 102w, https:\/\/www.fcfamalicao.pt\/wp-content\/uploads\/2025\/10\/Leandro-Moreira_Easy-Resize.com_-26x32.jpg 26w, https:\/\/www.fcfamalicao.pt\/wp-content\/uploads\/2025\/10\/Leandro-Moreira_Easy-Resize.com_-120x150.jpg 120w, https:\/\/www.fcfamalicao.pt\/wp-content\/uploads\/2025\/10\/Leandro-Moreira_Easy-Resize.com_-900x1125.jpg 900w\" sizes=\"auto, (max-width: 1024px) 100vw, 1024px\" \/><\/a><div class='festejo'><a href=https:\/\/www.fcfamalicao.pt\/en\/player\/leandro-moreira-2\/><img src='https:\/\/www.fcfamalicao.pt\/wp-content\/uploads\/2025\/10\/Leandro-Moreira_Golo_Easy-Resize.com_.jpg' alt='' \/><\/a><\/div><\/dt><dd class=\"wp-caption-text gallery-caption small-3 columns has-number\"><div class=\"textnumberblue\">\n\t\t\t\t\t<div class=\"socialmediaplayer\"><\/div>\n\t\t\t\t<\/div>\n\t\t\t\t<div class=\"azulclaro\"><\/div>\n\t\t\t\t<div class=\"textnumberdiv\">\n\t\t\t\t\t<div class=\"textnumber\">99<\/div>\n\t\t\t\t<\/div> <div class=\"textname\">Leandro Moreira<\/div><\/dd><\/dl><\/div><\/div><\/div>\n<\/div>\n","protected":false},"excerpt":{"rendered":"1 Paulo Pereira 3 Diogo Tavares 6 Douglas Risi 7 Vieira 9 Alan Gitahy 10 Ruizinho 11 Natan Minatti 12 Am\u00edlcar Gomes 14 Cl\u00e1udio Carvalho 21 Pereirinha 22 Buzuzu 31 Guilherme Oliveira 59 Ciro 89 Rom\u00e1rio 99 Leandro Moreira","protected":false},"author":1,"featured_media":53671,"parent":55705,"menu_order":0,"comment_status":"closed","ping_status":"closed","template":"page-plantel-futsal.php","meta":{"_acf_changed":false,"footnotes":""},"class_list":["post-55701","page","type-page","status-publish","has-post-thumbnail","hentry"],"acf":[],"yoast_head":"<!-- This site is optimized with the Yoast SEO plugin v27.1.1 - https:\/\/yoast.com\/product\/yoast-seo-wordpress\/ -->\n<title>Plantel Futsal - FC Famalic\u00e3o<\/title>\n<meta name=\"robots\" content=\"index, follow, max-snippet:-1, max-image-preview:large, max-video-preview:-1\" \/>\n<link rel=\"canonical\" href=\"https:\/\/www.fcfamalicao.pt\/en\/modalidades\/futsal\/plantel-futsal\/\" \/>\n<meta property=\"og:locale\" content=\"en_US\" \/>\n<meta property=\"og:type\" content=\"article\" \/>\n<meta property=\"og:title\" content=\"Plantel Futsal - FC Famalic\u00e3o\" \/>\n<meta property=\"og:url\" content=\"https:\/\/www.fcfamalicao.pt\/en\/modalidades\/futsal\/plantel-futsal\/\" \/>\n<meta property=\"og:site_name\" content=\"FC Famalic\u00e3o\" \/>\n<meta property=\"article:publisher\" content=\"https:\/\/www.facebook.com\/FCFamalicao\/\" \/>\n<meta property=\"article:modified_time\" content=\"2026-03-06T09:45:26+00:00\" \/>\n<meta property=\"og:image\" content=\"https:\/\/www.fcfamalicao.pt\/wp-content\/uploads\/2025\/10\/Futsal-Plantel.jpg\" \/>\n\t<meta property=\"og:image:width\" content=\"1920\" \/>\n\t<meta property=\"og:image:height\" content=\"887\" \/>\n\t<meta property=\"og:image:type\" content=\"image\/jpeg\" \/>\n<meta name=\"twitter:card\" content=\"summary_large_image\" \/>\n<meta name=\"twitter:site\" content=\"@fcf1931_oficial\" \/>\n<meta name=\"twitter:label1\" content=\"Est. reading time\" \/>\n\t<meta name=\"twitter:data1\" content=\"1 minute\" \/>\n<script type=\"application\/ld+json\" class=\"yoast-schema-graph\">{\"@context\":\"https:\/\/schema.org\",\"@graph\":[{\"@type\":\"WebPage\",\"@id\":\"https:\/\/www.fcfamalicao.pt\/en\/modalidades\/futsal\/plantel-futsal\/\",\"url\":\"https:\/\/www.fcfamalicao.pt\/en\/modalidades\/futsal\/plantel-futsal\/\",\"name\":\"Plantel Futsal - FC Famalic\u00e3o\",\"isPartOf\":{\"@id\":\"https:\/\/www.fcfamalicao.pt\/en\/#website\"},\"primaryImageOfPage\":{\"@id\":\"https:\/\/www.fcfamalicao.pt\/en\/modalidades\/futsal\/plantel-futsal\/#primaryimage\"},\"image\":{\"@id\":\"https:\/\/www.fcfamalicao.pt\/en\/modalidades\/futsal\/plantel-futsal\/#primaryimage\"},\"thumbnailUrl\":\"https:\/\/www.fcfamalicao.pt\/wp-content\/uploads\/2025\/10\/Futsal-Plantel.jpg\",\"datePublished\":\"2024-09-30T17:15:43+00:00\",\"dateModified\":\"2026-03-06T09:45:26+00:00\",\"breadcrumb\":{\"@id\":\"https:\/\/www.fcfamalicao.pt\/en\/modalidades\/futsal\/plantel-futsal\/#breadcrumb\"},\"inLanguage\":\"en-US\",\"potentialAction\":[{\"@type\":\"ReadAction\",\"target\":[\"https:\/\/www.fcfamalicao.pt\/en\/modalidades\/futsal\/plantel-futsal\/\"]}]},{\"@type\":\"ImageObject\",\"inLanguage\":\"en-US\",\"@id\":\"https:\/\/www.fcfamalicao.pt\/en\/modalidades\/futsal\/plantel-futsal\/#primaryimage\",\"url\":\"https:\/\/www.fcfamalicao.pt\/wp-content\/uploads\/2025\/10\/Futsal-Plantel.jpg\",\"contentUrl\":\"https:\/\/www.fcfamalicao.pt\/wp-content\/uploads\/2025\/10\/Futsal-Plantel.jpg\",\"width\":1920,\"height\":887},{\"@type\":\"BreadcrumbList\",\"@id\":\"https:\/\/www.fcfamalicao.pt\/en\/modalidades\/futsal\/plantel-futsal\/#breadcrumb\",\"itemListElement\":[{\"@type\":\"ListItem\",\"position\":1,\"name\":\"Home\",\"item\":\"https:\/\/www.fcfamalicao.pt\/en\/\"},{\"@type\":\"ListItem\",\"position\":2,\"name\":\"Plantel Futsal\"}]},{\"@type\":\"WebSite\",\"@id\":\"https:\/\/www.fcfamalicao.pt\/en\/#website\",\"url\":\"https:\/\/www.fcfamalicao.pt\/en\/\",\"name\":\"FC Famalic\u00e3o\",\"description\":\"Site oficial do Futebol Clube Famalic\u00e3o. #AMORDEPERDI\u00c7\u00c3O\",\"publisher\":{\"@id\":\"https:\/\/www.fcfamalicao.pt\/en\/#organization\"},\"potentialAction\":[{\"@type\":\"SearchAction\",\"target\":{\"@type\":\"EntryPoint\",\"urlTemplate\":\"https:\/\/www.fcfamalicao.pt\/en\/?s={search_term_string}\"},\"query-input\":{\"@type\":\"PropertyValueSpecification\",\"valueRequired\":true,\"valueName\":\"search_term_string\"}}],\"inLanguage\":\"en-US\"},{\"@type\":\"Organization\",\"@id\":\"https:\/\/www.fcfamalicao.pt\/en\/#organization\",\"name\":\"FC Famalic\u00e3o\",\"url\":\"https:\/\/www.fcfamalicao.pt\/en\/\",\"logo\":{\"@type\":\"ImageObject\",\"inLanguage\":\"en-US\",\"@id\":\"https:\/\/www.fcfamalicao.pt\/en\/#\/schema\/logo\/image\/\",\"url\":\"https:\/\/www.fcfamalicao.pt\/wp-content\/uploads\/2018\/11\/fcf-logo.png\",\"contentUrl\":\"https:\/\/www.fcfamalicao.pt\/wp-content\/uploads\/2018\/11\/fcf-logo.png\",\"width\":150,\"height\":143,\"caption\":\"FC Famalic\u00e3o\"},\"image\":{\"@id\":\"https:\/\/www.fcfamalicao.pt\/en\/#\/schema\/logo\/image\/\"},\"sameAs\":[\"https:\/\/www.facebook.com\/FCFamalicao\/\",\"https:\/\/x.com\/fcf1931_oficial\",\"https:\/\/www.instagram.com\/futebolclubefamalicao\/\",\"https:\/\/www.youtube.com\/FCFamalicao1931\"]}]}<\/script>\n<!-- \/ Yoast SEO plugin. -->","yoast_head_json":{"title":"Plantel Futsal - FC Famalic\u00e3o","robots":{"index":"index","follow":"follow","max-snippet":"max-snippet:-1","max-image-preview":"max-image-preview:large","max-video-preview":"max-video-preview:-1"},"canonical":"https:\/\/www.fcfamalicao.pt\/en\/modalidades\/futsal\/plantel-futsal\/","og_locale":"en_US","og_type":"article","og_title":"Plantel Futsal - FC Famalic\u00e3o","og_url":"https:\/\/www.fcfamalicao.pt\/en\/modalidades\/futsal\/plantel-futsal\/","og_site_name":"FC Famalic\u00e3o","article_publisher":"https:\/\/www.facebook.com\/FCFamalicao\/","article_modified_time":"2026-03-06T09:45:26+00:00","og_image":[{"width":1920,"height":887,"url":"https:\/\/www.fcfamalicao.pt\/wp-content\/uploads\/2025\/10\/Futsal-Plantel.jpg","type":"image\/jpeg"}],"twitter_card":"summary_large_image","twitter_site":"@fcf1931_oficial","twitter_misc":{"Est. reading time":"1 minute"},"schema":{"@context":"https:\/\/schema.org","@graph":[{"@type":"WebPage","@id":"https:\/\/www.fcfamalicao.pt\/en\/modalidades\/futsal\/plantel-futsal\/","url":"https:\/\/www.fcfamalicao.pt\/en\/modalidades\/futsal\/plantel-futsal\/","name":"Plantel Futsal - FC Famalic\u00e3o","isPartOf":{"@id":"https:\/\/www.fcfamalicao.pt\/en\/#website"},"primaryImageOfPage":{"@id":"https:\/\/www.fcfamalicao.pt\/en\/modalidades\/futsal\/plantel-futsal\/#primaryimage"},"image":{"@id":"https:\/\/www.fcfamalicao.pt\/en\/modalidades\/futsal\/plantel-futsal\/#primaryimage"},"thumbnailUrl":"https:\/\/www.fcfamalicao.pt\/wp-content\/uploads\/2025\/10\/Futsal-Plantel.jpg","datePublished":"2024-09-30T17:15:43+00:00","dateModified":"2026-03-06T09:45:26+00:00","breadcrumb":{"@id":"https:\/\/www.fcfamalicao.pt\/en\/modalidades\/futsal\/plantel-futsal\/#breadcrumb"},"inLanguage":"en-US","potentialAction":[{"@type":"ReadAction","target":["https:\/\/www.fcfamalicao.pt\/en\/modalidades\/futsal\/plantel-futsal\/"]}]},{"@type":"ImageObject","inLanguage":"en-US","@id":"https:\/\/www.fcfamalicao.pt\/en\/modalidades\/futsal\/plantel-futsal\/#primaryimage","url":"https:\/\/www.fcfamalicao.pt\/wp-content\/uploads\/2025\/10\/Futsal-Plantel.jpg","contentUrl":"https:\/\/www.fcfamalicao.pt\/wp-content\/uploads\/2025\/10\/Futsal-Plantel.jpg","width":1920,"height":887},{"@type":"BreadcrumbList","@id":"https:\/\/www.fcfamalicao.pt\/en\/modalidades\/futsal\/plantel-futsal\/#breadcrumb","itemListElement":[{"@type":"ListItem","position":1,"name":"Home","item":"https:\/\/www.fcfamalicao.pt\/en\/"},{"@type":"ListItem","position":2,"name":"Plantel Futsal"}]},{"@type":"WebSite","@id":"https:\/\/www.fcfamalicao.pt\/en\/#website","url":"https:\/\/www.fcfamalicao.pt\/en\/","name":"FC Famalic\u00e3o","description":"Site oficial do Futebol Clube Famalic\u00e3o. #AMORDEPERDI\u00c7\u00c3O","publisher":{"@id":"https:\/\/www.fcfamalicao.pt\/en\/#organization"},"potentialAction":[{"@type":"SearchAction","target":{"@type":"EntryPoint","urlTemplate":"https:\/\/www.fcfamalicao.pt\/en\/?s={search_term_string}"},"query-input":{"@type":"PropertyValueSpecification","valueRequired":true,"valueName":"search_term_string"}}],"inLanguage":"en-US"},{"@type":"Organization","@id":"https:\/\/www.fcfamalicao.pt\/en\/#organization","name":"FC Famalic\u00e3o","url":"https:\/\/www.fcfamalicao.pt\/en\/","logo":{"@type":"ImageObject","inLanguage":"en-US","@id":"https:\/\/www.fcfamalicao.pt\/en\/#\/schema\/logo\/image\/","url":"https:\/\/www.fcfamalicao.pt\/wp-content\/uploads\/2018\/11\/fcf-logo.png","contentUrl":"https:\/\/www.fcfamalicao.pt\/wp-content\/uploads\/2018\/11\/fcf-logo.png","width":150,"height":143,"caption":"FC Famalic\u00e3o"},"image":{"@id":"https:\/\/www.fcfamalicao.pt\/en\/#\/schema\/logo\/image\/"},"sameAs":["https:\/\/www.facebook.com\/FCFamalicao\/","https:\/\/x.com\/fcf1931_oficial","https:\/\/www.instagram.com\/futebolclubefamalicao\/","https:\/\/www.youtube.com\/FCFamalicao1931"]}]}},"_links":{"self":[{"href":"https:\/\/www.fcfamalicao.pt\/en\/wp-json\/wp\/v2\/pages\/55701","targetHints":{"allow":["GET"]}}],"collection":[{"href":"https:\/\/www.fcfamalicao.pt\/en\/wp-json\/wp\/v2\/pages"}],"about":[{"href":"https:\/\/www.fcfamalicao.pt\/en\/wp-json\/wp\/v2\/types\/page"}],"author":[{"embeddable":true,"href":"https:\/\/www.fcfamalicao.pt\/en\/wp-json\/wp\/v2\/users\/1"}],"replies":[{"embeddable":true,"href":"https:\/\/www.fcfamalicao.pt\/en\/wp-json\/wp\/v2\/comments?post=55701"}],"version-history":[{"count":1,"href":"https:\/\/www.fcfamalicao.pt\/en\/wp-json\/wp\/v2\/pages\/55701\/revisions"}],"predecessor-version":[{"id":55702,"href":"https:\/\/www.fcfamalicao.pt\/en\/wp-json\/wp\/v2\/pages\/55701\/revisions\/55702"}],"up":[{"embeddable":true,"href":"https:\/\/www.fcfamalicao.pt\/en\/wp-json\/wp\/v2\/pages\/55705"}],"wp:featuredmedia":[{"embeddable":true,"href":"https:\/\/www.fcfamalicao.pt\/en\/wp-json\/wp\/v2\/media\/53671"}],"wp:attachment":[{"href":"https:\/\/www.fcfamalicao.pt\/en\/wp-json\/wp\/v2\/media?parent=55701"}],"curies":[{"name":"wp","href":"https:\/\/api.w.org\/{rel}","templated":true}]}}